{"id":2316,"date":"2023-08-30T13:11:01","date_gmt":"2023-08-30T11:11:01","guid":{"rendered":"https:\/\/isotermica.net\/producto\/rampes-et-quais-de-chargement\/"},"modified":"2024-11-21T14:06:53","modified_gmt":"2024-11-21T13:06:53","slug":"rampes-et-quais-de-chargement","status":"publish","type":"producto","link":"https:\/\/isotermica.net\/fr\/produit\/rampes-et-quais-de-chargement\/","title":{"rendered":"Rampes et quais de chargement"},"content":{"rendered":"<div id=\"ficha\">\n<h2 class=\"descripcion\">Porte sectionnelle (mod. IPM), abri r\u00e9tractable (mod. IAM) et plate-forme hydraulique (mod. IPH)<\/h2>\n<h4>1) PORTE SECTIONNELLE. Mod\u00e8le : IPM. <\/h4>\n<h5><strong>Caract\u00e9ristiques<\/strong><\/h5>\n<p>&gt;  Panneaux \u00e0 charni\u00e8res de 40 mm. d&rsquo;\u00e9paisseur, avec \u00e2me en polyur\u00e9thane inject\u00e9.   &gt;  Finition en t\u00f4le gaufr\u00e9e laqu\u00e9e blanche, avec profil\u00e9s de finition laqu\u00e9s blancs.  &gt;  Coupe-bise sup\u00e9rieur et inf\u00e9rieur en EPDM noir.  &gt;  Charni\u00e8res, guides et arbre en acier galvanis\u00e9.  &gt;  Ressort de torsion avec traitement d&rsquo;oxydation.  &gt;  Serrures et syst\u00e8mes de s\u00e9curit\u00e9 inclus (rupture de c\u00e2ble). <\/p>\n<h4>2. MANTEAU R\u00c9TRACTABLE. Mod\u00e8le : IAM. <\/h4>\n<h5><strong>Caract\u00e9ristiques<\/strong><\/h5>\n<p>Rev\u00eatement int\u00e9gral avec du PVC \u00e0 haute r\u00e9sistance et \u00e0 forte traction.  &gt;  B\u00e2che frontale flexible de 3 mm. &gt; R\u00e9sistant \u00e0 l&rsquo;humidit\u00e9 et aux rayons UV. Structure sp\u00e9ciale renforc\u00e9e par de l&rsquo;acier galvanis\u00e9. <\/p>\n<h4>3. PLATE-FORME HYDRAULIQUE. Mod\u00e8le : IPH. <\/h4>\n<h5><strong>Surface<\/strong><\/h5>\n<p>Le ressort et la l\u00e8vre sont fabriqu\u00e9s en t\u00f4le d&rsquo;acier avec une surface antid\u00e9rapante. La t\u00f4le utilis\u00e9e pour la plate-forme du ressort a une \u00e9paisseur de 6\/8 mm et celle de la l\u00e8vre de 12\/14 mm.  &gt;  Plate-forme \u00e0 orteils articul\u00e9s<\/p>\n<h5><strong>Structure<\/strong><\/h5>\n<p>Le ressort est constitu\u00e9 de 10 profils UPN 100 standard soud\u00e9s longitudinalement.  &gt;  La rampe est pr\u00e9par\u00e9e pour supporter des charges dynamiques de 6 000 kg. Elle est conforme \u00e0 la norme EN 1398.   &gt;  Le cadre de fixation n&rsquo;est pas inclus.<\/p>\n<h5><strong>Finitions et am\u00e9nagements<\/strong><\/h5>\n<p>Finition gris fonc\u00e9 ral 7016 ou galvanis\u00e9e sur demande.  &gt;  Panneau de commande avec alimentation 380 V et commande 24 V.<\/p>\n<\/div>\n<div id=\"img_producto\"><\/div>\n","protected":false},"featured_media":2327,"template":"","categoria-producto":[70],"class_list":["post-2316","producto","type-producto","status-publish","has-post-thumbnail","hentry","categoria-producto-rampes-et-quais-de-chargement"],"acf":[],"yoast_head":"<!-- This site is optimized with the Yoast SEO plugin v27.4 - https:\/\/yoast.com\/product\/yoast-seo-wordpress\/ -->\n<title>Rampes et quais de chargement - Isot\u00e9rmica<\/title>\n<meta name=\"robots\" content=\"index, follow, max-snippet:-1, max-image-preview:large, max-video-preview:-1\" \/>\n<link rel=\"canonical\" href=\"https:\/\/isotermica.net\/fr\/produit\/rampes-et-quais-de-chargement\/\" \/>\n<meta property=\"og:locale\" content=\"fr_FR\" \/>\n<meta property=\"og:type\" content=\"article\" \/>\n<meta property=\"og:title\" content=\"Rampes et quais de chargement - Isot\u00e9rmica\" \/>\n<meta property=\"og:description\" content=\"Porte sectionnelle (mod. IPM), abri r\u00e9tractable (mod. IAM) et plate-forme hydraulique (mod. IPH) 1) PORTE SECTIONNELLE. Mod\u00e8le : IPM. Caract\u00e9ristiques &gt; Panneaux \u00e0 charni\u00e8res de 40 mm. d&rsquo;\u00e9paisseur, avec \u00e2me en polyur\u00e9thane inject\u00e9. &gt; Finition en t\u00f4le gaufr\u00e9e laqu\u00e9e blanche, avec profil\u00e9s de finition laqu\u00e9s blancs. &gt; Coupe-bise sup\u00e9rieur et inf\u00e9rieur en EPDM noir. &gt; ... Lire la suite\" \/>\n<meta property=\"og:url\" content=\"https:\/\/isotermica.net\/fr\/produit\/rampes-et-quais-de-chargement\/\" \/>\n<meta property=\"og:site_name\" content=\"Isot\u00e9rmica\" \/>\n<meta property=\"article:modified_time\" content=\"2024-11-21T13:06:53+00:00\" \/>\n<meta property=\"og:image\" content=\"https:\/\/isotermica.net\/wp-content\/uploads\/2023\/08\/portada-RampasyMuellesdeCarga-2.jpg\" \/>\n\t<meta property=\"og:image:width\" content=\"904\" \/>\n\t<meta property=\"og:image:height\" content=\"904\" \/>\n\t<meta property=\"og:image:type\" content=\"image\/jpeg\" \/>\n<meta name=\"twitter:card\" content=\"summary_large_image\" \/>\n<meta name=\"twitter:label1\" content=\"Dur\u00e9e de lecture estim\u00e9e\" \/>\n\t<meta name=\"twitter:data1\" content=\"1 minute\" \/>\n<script type=\"application\/ld+json\" class=\"yoast-schema-graph\">{\"@context\":\"https:\\\/\\\/schema.org\",\"@graph\":[{\"@type\":\"WebPage\",\"@id\":\"https:\\\/\\\/isotermica.net\\\/fr\\\/produit\\\/rampes-et-quais-de-chargement\\\/\",\"url\":\"https:\\\/\\\/isotermica.net\\\/fr\\\/produit\\\/rampes-et-quais-de-chargement\\\/\",\"name\":\"Rampes et quais de chargement - Isot\u00e9rmica\",\"isPartOf\":{\"@id\":\"https:\\\/\\\/isotermica.net\\\/fr\\\/#website\"},\"primaryImageOfPage\":{\"@id\":\"https:\\\/\\\/isotermica.net\\\/fr\\\/produit\\\/rampes-et-quais-de-chargement\\\/#primaryimage\"},\"image\":{\"@id\":\"https:\\\/\\\/isotermica.net\\\/fr\\\/produit\\\/rampes-et-quais-de-chargement\\\/#primaryimage\"},\"thumbnailUrl\":\"https:\\\/\\\/isotermica.net\\\/wp-content\\\/uploads\\\/2023\\\/08\\\/portada-RampasyMuellesdeCarga-2.jpg\",\"datePublished\":\"2023-08-30T11:11:01+00:00\",\"dateModified\":\"2024-11-21T13:06:53+00:00\",\"breadcrumb\":{\"@id\":\"https:\\\/\\\/isotermica.net\\\/fr\\\/produit\\\/rampes-et-quais-de-chargement\\\/#breadcrumb\"},\"inLanguage\":\"fr-FR\",\"potentialAction\":[{\"@type\":\"ReadAction\",\"target\":[\"https:\\\/\\\/isotermica.net\\\/fr\\\/produit\\\/rampes-et-quais-de-chargement\\\/\"]}]},{\"@type\":\"ImageObject\",\"inLanguage\":\"fr-FR\",\"@id\":\"https:\\\/\\\/isotermica.net\\\/fr\\\/produit\\\/rampes-et-quais-de-chargement\\\/#primaryimage\",\"url\":\"https:\\\/\\\/isotermica.net\\\/wp-content\\\/uploads\\\/2023\\\/08\\\/portada-RampasyMuellesdeCarga-2.jpg\",\"contentUrl\":\"https:\\\/\\\/isotermica.net\\\/wp-content\\\/uploads\\\/2023\\\/08\\\/portada-RampasyMuellesdeCarga-2.jpg\",\"width\":904,\"height\":904},{\"@type\":\"BreadcrumbList\",\"@id\":\"https:\\\/\\\/isotermica.net\\\/fr\\\/produit\\\/rampes-et-quais-de-chargement\\\/#breadcrumb\",\"itemListElement\":[{\"@type\":\"ListItem\",\"position\":1,\"name\":\"Inicio\",\"item\":\"https:\\\/\\\/isotermica.net\\\/fr\\\/accueil\\\/\"},{\"@type\":\"ListItem\",\"position\":2,\"name\":\"Produits\",\"item\":\"https:\\\/\\\/isotermica.net\\\/fr\\\/produit\\\/\"},{\"@type\":\"ListItem\",\"position\":3,\"name\":\"Rampes et quais de chargement\",\"item\":\"https:\\\/\\\/isotermica.net\\\/fr\\\/cat\u00e9gorie-produit\\\/rampes-et-quais-de-chargement\\\/\"},{\"@type\":\"ListItem\",\"position\":4,\"name\":\"Rampes et quais de chargement\"}]},{\"@type\":\"WebSite\",\"@id\":\"https:\\\/\\\/isotermica.net\\\/fr\\\/#website\",\"url\":\"https:\\\/\\\/isotermica.net\\\/fr\\\/\",\"name\":\"Isot\u00e9rmica\",\"description\":\"Fabricaci\u00f3n de Puertas para la Industria Alimentaria\",\"publisher\":{\"@id\":\"https:\\\/\\\/isotermica.net\\\/fr\\\/#organization\"},\"potentialAction\":[{\"@type\":\"SearchAction\",\"target\":{\"@type\":\"EntryPoint\",\"urlTemplate\":\"https:\\\/\\\/isotermica.net\\\/fr\\\/?s={search_term_string}\"},\"query-input\":{\"@type\":\"PropertyValueSpecification\",\"valueRequired\":true,\"valueName\":\"search_term_string\"}}],\"inLanguage\":\"fr-FR\"},{\"@type\":\"Organization\",\"@id\":\"https:\\\/\\\/isotermica.net\\\/fr\\\/#organization\",\"name\":\"Isot\u00e9rmica\",\"url\":\"https:\\\/\\\/isotermica.net\\\/fr\\\/\",\"logo\":{\"@type\":\"ImageObject\",\"inLanguage\":\"fr-FR\",\"@id\":\"https:\\\/\\\/isotermica.net\\\/fr\\\/#\\\/schema\\\/logo\\\/image\\\/\",\"url\":\"https:\\\/\\\/isotermica.net\\\/wp-content\\\/uploads\\\/2023\\\/08\\\/logo-isotermica-color.svg\",\"contentUrl\":\"https:\\\/\\\/isotermica.net\\\/wp-content\\\/uploads\\\/2023\\\/08\\\/logo-isotermica-color.svg\",\"width\":504,\"height\":71,\"caption\":\"Isot\u00e9rmica\"},\"image\":{\"@id\":\"https:\\\/\\\/isotermica.net\\\/fr\\\/#\\\/schema\\\/logo\\\/image\\\/\"}}]}<\/script>\n<!-- \/ Yoast SEO plugin. -->","yoast_head_json":{"title":"Rampes et quais de chargement - Isot\u00e9rmica","robots":{"index":"index","follow":"follow","max-snippet":"max-snippet:-1","max-image-preview":"max-image-preview:large","max-video-preview":"max-video-preview:-1"},"canonical":"https:\/\/isotermica.net\/fr\/produit\/rampes-et-quais-de-chargement\/","og_locale":"fr_FR","og_type":"article","og_title":"Rampes et quais de chargement - Isot\u00e9rmica","og_description":"Porte sectionnelle (mod. IPM), abri r\u00e9tractable (mod. IAM) et plate-forme hydraulique (mod. IPH) 1) PORTE SECTIONNELLE. Mod\u00e8le : IPM. Caract\u00e9ristiques &gt; Panneaux \u00e0 charni\u00e8res de 40 mm. d&rsquo;\u00e9paisseur, avec \u00e2me en polyur\u00e9thane inject\u00e9. &gt; Finition en t\u00f4le gaufr\u00e9e laqu\u00e9e blanche, avec profil\u00e9s de finition laqu\u00e9s blancs. &gt; Coupe-bise sup\u00e9rieur et inf\u00e9rieur en EPDM noir. &gt; ... Lire la suite","og_url":"https:\/\/isotermica.net\/fr\/produit\/rampes-et-quais-de-chargement\/","og_site_name":"Isot\u00e9rmica","article_modified_time":"2024-11-21T13:06:53+00:00","og_image":[{"width":904,"height":904,"url":"https:\/\/isotermica.net\/wp-content\/uploads\/2023\/08\/portada-RampasyMuellesdeCarga-2.jpg","type":"image\/jpeg"}],"twitter_card":"summary_large_image","twitter_misc":{"Dur\u00e9e de lecture estim\u00e9e":"1 minute"},"schema":{"@context":"https:\/\/schema.org","@graph":[{"@type":"WebPage","@id":"https:\/\/isotermica.net\/fr\/produit\/rampes-et-quais-de-chargement\/","url":"https:\/\/isotermica.net\/fr\/produit\/rampes-et-quais-de-chargement\/","name":"Rampes et quais de chargement - Isot\u00e9rmica","isPartOf":{"@id":"https:\/\/isotermica.net\/fr\/#website"},"primaryImageOfPage":{"@id":"https:\/\/isotermica.net\/fr\/produit\/rampes-et-quais-de-chargement\/#primaryimage"},"image":{"@id":"https:\/\/isotermica.net\/fr\/produit\/rampes-et-quais-de-chargement\/#primaryimage"},"thumbnailUrl":"https:\/\/isotermica.net\/wp-content\/uploads\/2023\/08\/portada-RampasyMuellesdeCarga-2.jpg","datePublished":"2023-08-30T11:11:01+00:00","dateModified":"2024-11-21T13:06:53+00:00","breadcrumb":{"@id":"https:\/\/isotermica.net\/fr\/produit\/rampes-et-quais-de-chargement\/#breadcrumb"},"inLanguage":"fr-FR","potentialAction":[{"@type":"ReadAction","target":["https:\/\/isotermica.net\/fr\/produit\/rampes-et-quais-de-chargement\/"]}]},{"@type":"ImageObject","inLanguage":"fr-FR","@id":"https:\/\/isotermica.net\/fr\/produit\/rampes-et-quais-de-chargement\/#primaryimage","url":"https:\/\/isotermica.net\/wp-content\/uploads\/2023\/08\/portada-RampasyMuellesdeCarga-2.jpg","contentUrl":"https:\/\/isotermica.net\/wp-content\/uploads\/2023\/08\/portada-RampasyMuellesdeCarga-2.jpg","width":904,"height":904},{"@type":"BreadcrumbList","@id":"https:\/\/isotermica.net\/fr\/produit\/rampes-et-quais-de-chargement\/#breadcrumb","itemListElement":[{"@type":"ListItem","position":1,"name":"Inicio","item":"https:\/\/isotermica.net\/fr\/accueil\/"},{"@type":"ListItem","position":2,"name":"Produits","item":"https:\/\/isotermica.net\/fr\/produit\/"},{"@type":"ListItem","position":3,"name":"Rampes et quais de chargement","item":"https:\/\/isotermica.net\/fr\/cat\u00e9gorie-produit\/rampes-et-quais-de-chargement\/"},{"@type":"ListItem","position":4,"name":"Rampes et quais de chargement"}]},{"@type":"WebSite","@id":"https:\/\/isotermica.net\/fr\/#website","url":"https:\/\/isotermica.net\/fr\/","name":"Isot\u00e9rmica","description":"Fabricaci\u00f3n de Puertas para la Industria Alimentaria","publisher":{"@id":"https:\/\/isotermica.net\/fr\/#organization"},"potentialAction":[{"@type":"SearchAction","target":{"@type":"EntryPoint","urlTemplate":"https:\/\/isotermica.net\/fr\/?s={search_term_string}"},"query-input":{"@type":"PropertyValueSpecification","valueRequired":true,"valueName":"search_term_string"}}],"inLanguage":"fr-FR"},{"@type":"Organization","@id":"https:\/\/isotermica.net\/fr\/#organization","name":"Isot\u00e9rmica","url":"https:\/\/isotermica.net\/fr\/","logo":{"@type":"ImageObject","inLanguage":"fr-FR","@id":"https:\/\/isotermica.net\/fr\/#\/schema\/logo\/image\/","url":"https:\/\/isotermica.net\/wp-content\/uploads\/2023\/08\/logo-isotermica-color.svg","contentUrl":"https:\/\/isotermica.net\/wp-content\/uploads\/2023\/08\/logo-isotermica-color.svg","width":504,"height":71,"caption":"Isot\u00e9rmica"},"image":{"@id":"https:\/\/isotermica.net\/fr\/#\/schema\/logo\/image\/"}}]}},"_links":{"self":[{"href":"https:\/\/isotermica.net\/fr\/wp-json\/wp\/v2\/producto\/2316","targetHints":{"allow":["GET"]}}],"collection":[{"href":"https:\/\/isotermica.net\/fr\/wp-json\/wp\/v2\/producto"}],"about":[{"href":"https:\/\/isotermica.net\/fr\/wp-json\/wp\/v2\/types\/producto"}],"wp:featuredmedia":[{"embeddable":true,"href":"https:\/\/isotermica.net\/fr\/wp-json\/wp\/v2\/media\/2327"}],"wp:attachment":[{"href":"https:\/\/isotermica.net\/fr\/wp-json\/wp\/v2\/media?parent=2316"}],"wp:term":[{"taxonomy":"categoria-producto","embeddable":true,"href":"https:\/\/isotermica.net\/fr\/wp-json\/wp\/v2\/categoria-producto?post=2316"}],"curies":[{"name":"wp","href":"https:\/\/api.w.org\/{rel}","templated":true}]}}