{"id":2248,"date":"2023-08-30T12:49:38","date_gmt":"2023-08-30T10:49:38","guid":{"rendered":"https:\/\/isotermica.net\/producto\/porte-refrigerante-pivotante-mod-ipv-commercial\/"},"modified":"2024-11-21T14:06:49","modified_gmt":"2024-11-21T13:06:49","slug":"porte-refrigerante-pivotante-mod-ipv-commercial","status":"publish","type":"producto","link":"https:\/\/isotermica.net\/fr\/produit\/porte-refrigerante-pivotante-mod-ipv-commercial\/","title":{"rendered":"Porte r\u00e9frig\u00e9rante pivotante Mod. IPV COMMERCIAL"},"content":{"rendered":"<h2 class=\"descripcion\">Porte \u00e0 charni\u00e8res pour entrep\u00f4ts frigorifiques commerciaux<\/h2>\n<h5><strong>Le cadre<\/strong><\/h5>\n<p>Profil\u00e9 en aluminium extrud\u00e9 \u00e0 haute r\u00e9sistance, \u00e0 double rupture thermique, adaptable \u00e0 diff\u00e9rentes \u00e9paisseurs de panneaux gr\u00e2ce \u00e0 des accessoires interchangeables.  &gt;  Plaque de marche en profil\u00e9 d&rsquo;acier inoxydable.  &gt;  En cas de basse temp\u00e9rature, la r\u00e9sistance AKO 30W\/ml correspondante sera incorpor\u00e9e. <\/p>\n<h5><strong>D\u00e9pliant<\/strong><\/h5>\n<p>Isolation en mousse de polyur\u00e9thane haute densit\u00e9 d&rsquo;environ 50 kg\/m3.  &gt;  Finition en t\u00f4le d&rsquo;acier de 0,6 mm.  &gt;  \u00c9paisseur avec diff\u00e9rentes finitions : blanc laqu\u00e9 1006 (standard) &#8211; couleurs laqu\u00e9es &#8211; Plastisol &#8211; Acier inoxydable.  &gt;  Volet de porte en profil\u00e9 d&rsquo;aluminium anodis\u00e9 haute r\u00e9sistance avec rupture de pont thermique int\u00e9gr\u00e9e.  &gt;  Joint d&rsquo;\u00e9tanch\u00e9it\u00e9 \u00e0 double alv\u00e9ole tr\u00e8s flexible.  &gt;  \u00c9paisseurs : 60 mm (conservation) &#8211; 80 mm (cong\u00e9lation) &#8211; 120 mm (tunnel)<\/p>\n<h5><strong>Raccords en fer<\/strong><\/h5>\n<p>Syst\u00e8me d&rsquo;ouverture simple, par serrure incorpor\u00e9e dans le vantail avec point de pression et serrure int\u00e9gr\u00e9e, ouverture int\u00e9rieure en vert et avec marquage pour les zones sombres.  &gt;  Vis en acier inoxydable A2.<\/p>\n<h5><strong>Options<\/strong><\/h5>\n<p>Viseur int\u00e9gr\u00e9.  &gt;  Chapelle pour le passage du rail.  &gt;  Chariot de sol de chambre.<\/p>\n","protected":false},"featured_media":2257,"template":"","categoria-producto":[64,75],"class_list":["post-2248","producto","type-producto","status-publish","has-post-thumbnail","hentry","categoria-producto-portes-pivotantes-frigorifiques","categoria-producto-portes-regrigerees"],"acf":[],"yoast_head":"<!-- This site is optimized with the Yoast SEO plugin v27.4 - https:\/\/yoast.com\/product\/yoast-seo-wordpress\/ -->\n<title>Porte r\u00e9frig\u00e9rante pivotante Mod. IPV COMMERCIAL - Isot\u00e9rmica<\/title>\n<meta name=\"robots\" content=\"index, follow, max-snippet:-1, max-image-preview:large, max-video-preview:-1\" \/>\n<link rel=\"canonical\" href=\"https:\/\/isotermica.net\/fr\/produit\/porte-refrigerante-pivotante-mod-ipv-commercial\/\" \/>\n<meta property=\"og:locale\" content=\"fr_FR\" \/>\n<meta property=\"og:type\" content=\"article\" \/>\n<meta property=\"og:title\" content=\"Porte r\u00e9frig\u00e9rante pivotante Mod. IPV COMMERCIAL - Isot\u00e9rmica\" \/>\n<meta property=\"og:description\" content=\"Porte \u00e0 charni\u00e8res pour entrep\u00f4ts frigorifiques commerciaux Le cadre Profil\u00e9 en aluminium extrud\u00e9 \u00e0 haute r\u00e9sistance, \u00e0 double rupture thermique, adaptable \u00e0 diff\u00e9rentes \u00e9paisseurs de panneaux gr\u00e2ce \u00e0 des accessoires interchangeables. &gt; Plaque de marche en profil\u00e9 d&rsquo;acier inoxydable. &gt; En cas de basse temp\u00e9rature, la r\u00e9sistance AKO 30W\/ml correspondante sera incorpor\u00e9e. D\u00e9pliant Isolation en ... Lire la suite\" \/>\n<meta property=\"og:url\" content=\"https:\/\/isotermica.net\/fr\/produit\/porte-refrigerante-pivotante-mod-ipv-commercial\/\" \/>\n<meta property=\"og:site_name\" content=\"Isot\u00e9rmica\" \/>\n<meta property=\"article:modified_time\" content=\"2024-11-21T13:06:49+00:00\" \/>\n<meta property=\"og:image\" content=\"https:\/\/isotermica.net\/wp-content\/uploads\/2023\/08\/PUERTA-PIVOTANTE-FRIGORIFICA-00008.jpg\" \/>\n\t<meta property=\"og:image:width\" content=\"2328\" \/>\n\t<meta property=\"og:image:height\" content=\"2328\" \/>\n\t<meta property=\"og:image:type\" content=\"image\/jpeg\" \/>\n<meta name=\"twitter:card\" content=\"summary_large_image\" \/>\n<meta name=\"twitter:label1\" content=\"Dur\u00e9e de lecture estim\u00e9e\" \/>\n\t<meta name=\"twitter:data1\" content=\"1 minute\" \/>\n<script type=\"application\/ld+json\" class=\"yoast-schema-graph\">{\"@context\":\"https:\\\/\\\/schema.org\",\"@graph\":[{\"@type\":\"WebPage\",\"@id\":\"https:\\\/\\\/isotermica.net\\\/fr\\\/produit\\\/porte-refrigerante-pivotante-mod-ipv-commercial\\\/\",\"url\":\"https:\\\/\\\/isotermica.net\\\/fr\\\/produit\\\/porte-refrigerante-pivotante-mod-ipv-commercial\\\/\",\"name\":\"Porte r\u00e9frig\u00e9rante pivotante Mod. IPV COMMERCIAL - Isot\u00e9rmica\",\"isPartOf\":{\"@id\":\"https:\\\/\\\/isotermica.net\\\/fr\\\/#website\"},\"primaryImageOfPage\":{\"@id\":\"https:\\\/\\\/isotermica.net\\\/fr\\\/produit\\\/porte-refrigerante-pivotante-mod-ipv-commercial\\\/#primaryimage\"},\"image\":{\"@id\":\"https:\\\/\\\/isotermica.net\\\/fr\\\/produit\\\/porte-refrigerante-pivotante-mod-ipv-commercial\\\/#primaryimage\"},\"thumbnailUrl\":\"https:\\\/\\\/isotermica.net\\\/wp-content\\\/uploads\\\/2023\\\/08\\\/PUERTA-PIVOTANTE-FRIGORIFICA-00008.jpg\",\"datePublished\":\"2023-08-30T10:49:38+00:00\",\"dateModified\":\"2024-11-21T13:06:49+00:00\",\"breadcrumb\":{\"@id\":\"https:\\\/\\\/isotermica.net\\\/fr\\\/produit\\\/porte-refrigerante-pivotante-mod-ipv-commercial\\\/#breadcrumb\"},\"inLanguage\":\"fr-FR\",\"potentialAction\":[{\"@type\":\"ReadAction\",\"target\":[\"https:\\\/\\\/isotermica.net\\\/fr\\\/produit\\\/porte-refrigerante-pivotante-mod-ipv-commercial\\\/\"]}]},{\"@type\":\"ImageObject\",\"inLanguage\":\"fr-FR\",\"@id\":\"https:\\\/\\\/isotermica.net\\\/fr\\\/produit\\\/porte-refrigerante-pivotante-mod-ipv-commercial\\\/#primaryimage\",\"url\":\"https:\\\/\\\/isotermica.net\\\/wp-content\\\/uploads\\\/2023\\\/08\\\/PUERTA-PIVOTANTE-FRIGORIFICA-00008.jpg\",\"contentUrl\":\"https:\\\/\\\/isotermica.net\\\/wp-content\\\/uploads\\\/2023\\\/08\\\/PUERTA-PIVOTANTE-FRIGORIFICA-00008.jpg\",\"width\":2328,\"height\":2328},{\"@type\":\"BreadcrumbList\",\"@id\":\"https:\\\/\\\/isotermica.net\\\/fr\\\/produit\\\/porte-refrigerante-pivotante-mod-ipv-commercial\\\/#breadcrumb\",\"itemListElement\":[{\"@type\":\"ListItem\",\"position\":1,\"name\":\"Inicio\",\"item\":\"https:\\\/\\\/isotermica.net\\\/fr\\\/accueil\\\/\"},{\"@type\":\"ListItem\",\"position\":2,\"name\":\"Produits\",\"item\":\"https:\\\/\\\/isotermica.net\\\/fr\\\/produit\\\/\"},{\"@type\":\"ListItem\",\"position\":3,\"name\":\"Portes r\u00e9frig\u00e9r\u00e9es\",\"item\":\"https:\\\/\\\/isotermica.net\\\/fr\\\/cat\u00e9gorie-produit\\\/portes-regrigerees\\\/\"},{\"@type\":\"ListItem\",\"position\":4,\"name\":\"Portes pivotantes frigorifiques\",\"item\":\"https:\\\/\\\/isotermica.net\\\/fr\\\/cat\u00e9gorie-produit\\\/portes-pivotantes-frigorifiques\\\/\"},{\"@type\":\"ListItem\",\"position\":5,\"name\":\"Porte r\u00e9frig\u00e9rante pivotante Mod. IPV COMMERCIAL\"}]},{\"@type\":\"WebSite\",\"@id\":\"https:\\\/\\\/isotermica.net\\\/fr\\\/#website\",\"url\":\"https:\\\/\\\/isotermica.net\\\/fr\\\/\",\"name\":\"Isot\u00e9rmica\",\"description\":\"Fabricaci\u00f3n de Puertas para la Industria Alimentaria\",\"publisher\":{\"@id\":\"https:\\\/\\\/isotermica.net\\\/fr\\\/#organization\"},\"potentialAction\":[{\"@type\":\"SearchAction\",\"target\":{\"@type\":\"EntryPoint\",\"urlTemplate\":\"https:\\\/\\\/isotermica.net\\\/fr\\\/?s={search_term_string}\"},\"query-input\":{\"@type\":\"PropertyValueSpecification\",\"valueRequired\":true,\"valueName\":\"search_term_string\"}}],\"inLanguage\":\"fr-FR\"},{\"@type\":\"Organization\",\"@id\":\"https:\\\/\\\/isotermica.net\\\/fr\\\/#organization\",\"name\":\"Isot\u00e9rmica\",\"url\":\"https:\\\/\\\/isotermica.net\\\/fr\\\/\",\"logo\":{\"@type\":\"ImageObject\",\"inLanguage\":\"fr-FR\",\"@id\":\"https:\\\/\\\/isotermica.net\\\/fr\\\/#\\\/schema\\\/logo\\\/image\\\/\",\"url\":\"https:\\\/\\\/isotermica.net\\\/wp-content\\\/uploads\\\/2023\\\/08\\\/logo-isotermica-color.svg\",\"contentUrl\":\"https:\\\/\\\/isotermica.net\\\/wp-content\\\/uploads\\\/2023\\\/08\\\/logo-isotermica-color.svg\",\"width\":504,\"height\":71,\"caption\":\"Isot\u00e9rmica\"},\"image\":{\"@id\":\"https:\\\/\\\/isotermica.net\\\/fr\\\/#\\\/schema\\\/logo\\\/image\\\/\"}}]}<\/script>\n<!-- \/ Yoast SEO plugin. -->","yoast_head_json":{"title":"Porte r\u00e9frig\u00e9rante pivotante Mod. IPV COMMERCIAL - Isot\u00e9rmica","robots":{"index":"index","follow":"follow","max-snippet":"max-snippet:-1","max-image-preview":"max-image-preview:large","max-video-preview":"max-video-preview:-1"},"canonical":"https:\/\/isotermica.net\/fr\/produit\/porte-refrigerante-pivotante-mod-ipv-commercial\/","og_locale":"fr_FR","og_type":"article","og_title":"Porte r\u00e9frig\u00e9rante pivotante Mod. IPV COMMERCIAL - Isot\u00e9rmica","og_description":"Porte \u00e0 charni\u00e8res pour entrep\u00f4ts frigorifiques commerciaux Le cadre Profil\u00e9 en aluminium extrud\u00e9 \u00e0 haute r\u00e9sistance, \u00e0 double rupture thermique, adaptable \u00e0 diff\u00e9rentes \u00e9paisseurs de panneaux gr\u00e2ce \u00e0 des accessoires interchangeables. &gt; Plaque de marche en profil\u00e9 d&rsquo;acier inoxydable. &gt; En cas de basse temp\u00e9rature, la r\u00e9sistance AKO 30W\/ml correspondante sera incorpor\u00e9e. D\u00e9pliant Isolation en ... Lire la suite","og_url":"https:\/\/isotermica.net\/fr\/produit\/porte-refrigerante-pivotante-mod-ipv-commercial\/","og_site_name":"Isot\u00e9rmica","article_modified_time":"2024-11-21T13:06:49+00:00","og_image":[{"width":2328,"height":2328,"url":"https:\/\/isotermica.net\/wp-content\/uploads\/2023\/08\/PUERTA-PIVOTANTE-FRIGORIFICA-00008.jpg","type":"image\/jpeg"}],"twitter_card":"summary_large_image","twitter_misc":{"Dur\u00e9e de lecture estim\u00e9e":"1 minute"},"schema":{"@context":"https:\/\/schema.org","@graph":[{"@type":"WebPage","@id":"https:\/\/isotermica.net\/fr\/produit\/porte-refrigerante-pivotante-mod-ipv-commercial\/","url":"https:\/\/isotermica.net\/fr\/produit\/porte-refrigerante-pivotante-mod-ipv-commercial\/","name":"Porte r\u00e9frig\u00e9rante pivotante Mod. IPV COMMERCIAL - Isot\u00e9rmica","isPartOf":{"@id":"https:\/\/isotermica.net\/fr\/#website"},"primaryImageOfPage":{"@id":"https:\/\/isotermica.net\/fr\/produit\/porte-refrigerante-pivotante-mod-ipv-commercial\/#primaryimage"},"image":{"@id":"https:\/\/isotermica.net\/fr\/produit\/porte-refrigerante-pivotante-mod-ipv-commercial\/#primaryimage"},"thumbnailUrl":"https:\/\/isotermica.net\/wp-content\/uploads\/2023\/08\/PUERTA-PIVOTANTE-FRIGORIFICA-00008.jpg","datePublished":"2023-08-30T10:49:38+00:00","dateModified":"2024-11-21T13:06:49+00:00","breadcrumb":{"@id":"https:\/\/isotermica.net\/fr\/produit\/porte-refrigerante-pivotante-mod-ipv-commercial\/#breadcrumb"},"inLanguage":"fr-FR","potentialAction":[{"@type":"ReadAction","target":["https:\/\/isotermica.net\/fr\/produit\/porte-refrigerante-pivotante-mod-ipv-commercial\/"]}]},{"@type":"ImageObject","inLanguage":"fr-FR","@id":"https:\/\/isotermica.net\/fr\/produit\/porte-refrigerante-pivotante-mod-ipv-commercial\/#primaryimage","url":"https:\/\/isotermica.net\/wp-content\/uploads\/2023\/08\/PUERTA-PIVOTANTE-FRIGORIFICA-00008.jpg","contentUrl":"https:\/\/isotermica.net\/wp-content\/uploads\/2023\/08\/PUERTA-PIVOTANTE-FRIGORIFICA-00008.jpg","width":2328,"height":2328},{"@type":"BreadcrumbList","@id":"https:\/\/isotermica.net\/fr\/produit\/porte-refrigerante-pivotante-mod-ipv-commercial\/#breadcrumb","itemListElement":[{"@type":"ListItem","position":1,"name":"Inicio","item":"https:\/\/isotermica.net\/fr\/accueil\/"},{"@type":"ListItem","position":2,"name":"Produits","item":"https:\/\/isotermica.net\/fr\/produit\/"},{"@type":"ListItem","position":3,"name":"Portes r\u00e9frig\u00e9r\u00e9es","item":"https:\/\/isotermica.net\/fr\/cat\u00e9gorie-produit\/portes-regrigerees\/"},{"@type":"ListItem","position":4,"name":"Portes pivotantes frigorifiques","item":"https:\/\/isotermica.net\/fr\/cat\u00e9gorie-produit\/portes-pivotantes-frigorifiques\/"},{"@type":"ListItem","position":5,"name":"Porte r\u00e9frig\u00e9rante pivotante Mod. IPV COMMERCIAL"}]},{"@type":"WebSite","@id":"https:\/\/isotermica.net\/fr\/#website","url":"https:\/\/isotermica.net\/fr\/","name":"Isot\u00e9rmica","description":"Fabricaci\u00f3n de Puertas para la Industria Alimentaria","publisher":{"@id":"https:\/\/isotermica.net\/fr\/#organization"},"potentialAction":[{"@type":"SearchAction","target":{"@type":"EntryPoint","urlTemplate":"https:\/\/isotermica.net\/fr\/?s={search_term_string}"},"query-input":{"@type":"PropertyValueSpecification","valueRequired":true,"valueName":"search_term_string"}}],"inLanguage":"fr-FR"},{"@type":"Organization","@id":"https:\/\/isotermica.net\/fr\/#organization","name":"Isot\u00e9rmica","url":"https:\/\/isotermica.net\/fr\/","logo":{"@type":"ImageObject","inLanguage":"fr-FR","@id":"https:\/\/isotermica.net\/fr\/#\/schema\/logo\/image\/","url":"https:\/\/isotermica.net\/wp-content\/uploads\/2023\/08\/logo-isotermica-color.svg","contentUrl":"https:\/\/isotermica.net\/wp-content\/uploads\/2023\/08\/logo-isotermica-color.svg","width":504,"height":71,"caption":"Isot\u00e9rmica"},"image":{"@id":"https:\/\/isotermica.net\/fr\/#\/schema\/logo\/image\/"}}]}},"_links":{"self":[{"href":"https:\/\/isotermica.net\/fr\/wp-json\/wp\/v2\/producto\/2248","targetHints":{"allow":["GET"]}}],"collection":[{"href":"https:\/\/isotermica.net\/fr\/wp-json\/wp\/v2\/producto"}],"about":[{"href":"https:\/\/isotermica.net\/fr\/wp-json\/wp\/v2\/types\/producto"}],"wp:featuredmedia":[{"embeddable":true,"href":"https:\/\/isotermica.net\/fr\/wp-json\/wp\/v2\/media\/2257"}],"wp:attachment":[{"href":"https:\/\/isotermica.net\/fr\/wp-json\/wp\/v2\/media?parent=2248"}],"wp:term":[{"taxonomy":"categoria-producto","embeddable":true,"href":"https:\/\/isotermica.net\/fr\/wp-json\/wp\/v2\/categoria-producto?post=2248"}],"curies":[{"name":"wp","href":"https:\/\/api.w.org\/{rel}","templated":true}]}}