{"id":2182,"date":"2023-08-30T11:30:00","date_gmt":"2023-08-30T09:30:00","guid":{"rendered":"https:\/\/isotermica.net\/producto\/porte-coulissante-refrigeree-mod-iau\/"},"modified":"2024-11-21T14:06:46","modified_gmt":"2024-11-21T13:06:46","slug":"porte-coulissante-refrigeree-mod-iau","status":"publish","type":"producto","link":"https:\/\/isotermica.net\/fr\/produit\/porte-coulissante-refrigeree-mod-iau\/","title":{"rendered":"Porte coulissante r\u00e9frig\u00e9r\u00e9e Mod. IAU"},"content":{"rendered":"\n<h2 class=\"wp-block-heading\">Porte coulissante r\u00e9frig\u00e9r\u00e9e Mod. IAU ELECTRIC AUTOMATION <\/h2>\n\n<h5 class=\"wp-block-heading\"><strong>Rail<\/strong><\/h5>\n\n<p>Fabriqu\u00e9 en aluminium extrud\u00e9 pour abriter tous les composants de la transmission. Joints \u00e0 brosse inf\u00e9rieurs pour une meilleure hygi\u00e8ne. Transmission avec cha\u00eene de \u00bd pouce. Couvercles, supports et quincaillerie en acier inoxydable.   <\/p>\n\n<p><\/p>\n\n<h5 class=\"wp-block-heading\"><strong>Tableau \u00e9lectrique :<\/strong><\/h5>\n\n<p>Il se compose d&rsquo;un panneau de commande qui int\u00e8gre un convertisseur de fr\u00e9quence pour un d\u00e9marrage et un arr\u00eat en douceur.<\/p>\n\n<p>Bo\u00eete en polyester comprenant un bouton de commande et un bouton d&rsquo;urgence sur le couvercle.<\/p>\n\n<p>Connexions r\u00e9alis\u00e9es en usine, avec des fiches sans ambigu\u00eft\u00e9 pour une installation correcte avec le moteur.<\/p>\n\n<p>R\u00e9glage simple gr\u00e2ce \u00e0 des cames pr\u00e9r\u00e9gl\u00e9es en usine.<\/p>\n\n<p><\/p>\n\n<h5 class=\"wp-block-heading\"><strong>S\u00e9curit\u00e9 et man\u0153uvre :<\/strong><\/h5>\n\n<p>Bande r\u00e9sistive de 8k2 sur le bord de la lame pour \u00e9viter les collisions.<\/p>\n\n<p>La connexion au panneau de contr\u00f4le se fait sans fil, ce qui \u00e9vite les ruptures ou les accrochages de c\u00e2bles.<\/p>\n\n<p>Bouton poussoir int\u00e9rieur avec bouton de commande et bouton d&rsquo;urgence.<\/p>\n\n<p>En cas de d\u00e9faut ou de d\u00e9faillance du syst\u00e8me de s\u00e9curit\u00e9, l&rsquo;op\u00e9rateur passe en mode homme mort pour la fermeture et en mode automatique pour l&rsquo;ouverture.<\/p>\n\n<p>Diff\u00e9rentes configurations sont disponibles pour s&rsquo;adapter au choix du client.<\/p>\n\n<p><\/p>\n\n<h5 class=\"wp-block-heading\"><strong>Ouverture des options :<\/strong><\/h5>\n\n<ul class=\"wp-block-list\">\n<li>Poign\u00e9e de plafond avec c\u00e2ble (lot de 2).<\/li>\n\n\n\n<li>Poign\u00e9e de plafond sans fil (WIRELESS).<\/li>\n\n\n\n<li>Boucle magn\u00e9tique.<\/li>\n\n\n\n<li>T\u00e9l\u00e9commande \u00e0 16 canaux.<\/li>\n\n\n\n<li>Radar.<\/li>\n\n\n\n<li>Photocellules.<\/li>\n<\/ul>\n","protected":false},"featured_media":2185,"template":"","categoria-producto":[63,75],"class_list":["post-2182","producto","type-producto","status-publish","has-post-thumbnail","hentry","categoria-producto-portes-coulissantes-refrigerateurs","categoria-producto-portes-regrigerees"],"acf":[],"yoast_head":"<!-- This site is optimized with the Yoast SEO plugin v27.4 - https:\/\/yoast.com\/product\/yoast-seo-wordpress\/ -->\n<title>Porte coulissante r\u00e9frig\u00e9r\u00e9e Mod. IAU - Isot\u00e9rmica<\/title>\n<meta name=\"robots\" content=\"index, follow, max-snippet:-1, max-image-preview:large, max-video-preview:-1\" \/>\n<link rel=\"canonical\" href=\"https:\/\/isotermica.net\/fr\/produit\/porte-coulissante-refrigeree-mod-iau\/\" \/>\n<meta property=\"og:locale\" content=\"fr_FR\" \/>\n<meta property=\"og:type\" content=\"article\" \/>\n<meta property=\"og:title\" content=\"Porte coulissante r\u00e9frig\u00e9r\u00e9e Mod. IAU - Isot\u00e9rmica\" \/>\n<meta property=\"og:description\" content=\"Porte coulissante r\u00e9frig\u00e9r\u00e9e Mod. IAU ELECTRIC AUTOMATION Rail Fabriqu\u00e9 en aluminium extrud\u00e9 pour abriter tous les composants de la transmission. Joints \u00e0 brosse inf\u00e9rieurs pour une meilleure hygi\u00e8ne. Transmission avec cha\u00eene de \u00bd pouce. Couvercles, supports et quincaillerie en acier inoxydable. Tableau \u00e9lectrique : Il se compose d&rsquo;un panneau de commande qui int\u00e8gre un convertisseur ... Lire la suite\" \/>\n<meta property=\"og:url\" content=\"https:\/\/isotermica.net\/fr\/produit\/porte-coulissante-refrigeree-mod-iau\/\" \/>\n<meta property=\"og:site_name\" content=\"Isot\u00e9rmica\" \/>\n<meta property=\"article:modified_time\" content=\"2024-11-21T13:06:46+00:00\" \/>\n<meta property=\"og:image\" content=\"https:\/\/isotermica.net\/wp-content\/uploads\/2023\/10\/IAU-portada.jpg\" \/>\n\t<meta property=\"og:image:width\" content=\"503\" \/>\n\t<meta property=\"og:image:height\" content=\"503\" \/>\n\t<meta property=\"og:image:type\" content=\"image\/jpeg\" \/>\n<meta name=\"twitter:card\" content=\"summary_large_image\" \/>\n<meta name=\"twitter:label1\" content=\"Dur\u00e9e de lecture estim\u00e9e\" \/>\n\t<meta name=\"twitter:data1\" content=\"1 minute\" \/>\n<script type=\"application\/ld+json\" class=\"yoast-schema-graph\">{\"@context\":\"https:\\\/\\\/schema.org\",\"@graph\":[{\"@type\":\"WebPage\",\"@id\":\"https:\\\/\\\/isotermica.net\\\/fr\\\/produit\\\/porte-coulissante-refrigeree-mod-iau\\\/\",\"url\":\"https:\\\/\\\/isotermica.net\\\/fr\\\/produit\\\/porte-coulissante-refrigeree-mod-iau\\\/\",\"name\":\"Porte coulissante r\u00e9frig\u00e9r\u00e9e Mod. IAU - Isot\u00e9rmica\",\"isPartOf\":{\"@id\":\"https:\\\/\\\/isotermica.net\\\/fr\\\/#website\"},\"primaryImageOfPage\":{\"@id\":\"https:\\\/\\\/isotermica.net\\\/fr\\\/produit\\\/porte-coulissante-refrigeree-mod-iau\\\/#primaryimage\"},\"image\":{\"@id\":\"https:\\\/\\\/isotermica.net\\\/fr\\\/produit\\\/porte-coulissante-refrigeree-mod-iau\\\/#primaryimage\"},\"thumbnailUrl\":\"https:\\\/\\\/isotermica.net\\\/wp-content\\\/uploads\\\/2023\\\/10\\\/IAU-portada.jpg\",\"datePublished\":\"2023-08-30T09:30:00+00:00\",\"dateModified\":\"2024-11-21T13:06:46+00:00\",\"breadcrumb\":{\"@id\":\"https:\\\/\\\/isotermica.net\\\/fr\\\/produit\\\/porte-coulissante-refrigeree-mod-iau\\\/#breadcrumb\"},\"inLanguage\":\"fr-FR\",\"potentialAction\":[{\"@type\":\"ReadAction\",\"target\":[\"https:\\\/\\\/isotermica.net\\\/fr\\\/produit\\\/porte-coulissante-refrigeree-mod-iau\\\/\"]}]},{\"@type\":\"ImageObject\",\"inLanguage\":\"fr-FR\",\"@id\":\"https:\\\/\\\/isotermica.net\\\/fr\\\/produit\\\/porte-coulissante-refrigeree-mod-iau\\\/#primaryimage\",\"url\":\"https:\\\/\\\/isotermica.net\\\/wp-content\\\/uploads\\\/2023\\\/10\\\/IAU-portada.jpg\",\"contentUrl\":\"https:\\\/\\\/isotermica.net\\\/wp-content\\\/uploads\\\/2023\\\/10\\\/IAU-portada.jpg\",\"width\":503,\"height\":503},{\"@type\":\"BreadcrumbList\",\"@id\":\"https:\\\/\\\/isotermica.net\\\/fr\\\/produit\\\/porte-coulissante-refrigeree-mod-iau\\\/#breadcrumb\",\"itemListElement\":[{\"@type\":\"ListItem\",\"position\":1,\"name\":\"Inicio\",\"item\":\"https:\\\/\\\/isotermica.net\\\/fr\\\/accueil\\\/\"},{\"@type\":\"ListItem\",\"position\":2,\"name\":\"Produits\",\"item\":\"https:\\\/\\\/isotermica.net\\\/fr\\\/produit\\\/\"},{\"@type\":\"ListItem\",\"position\":3,\"name\":\"Portes r\u00e9frig\u00e9r\u00e9es\",\"item\":\"https:\\\/\\\/isotermica.net\\\/fr\\\/cat\u00e9gorie-produit\\\/portes-regrigerees\\\/\"},{\"@type\":\"ListItem\",\"position\":4,\"name\":\"Portes coulissantes r\u00e9frig\u00e9r\u00e9es\",\"item\":\"https:\\\/\\\/isotermica.net\\\/fr\\\/cat\u00e9gorie-produit\\\/portes-coulissantes-refrigerateurs\\\/\"},{\"@type\":\"ListItem\",\"position\":5,\"name\":\"Porte coulissante r\u00e9frig\u00e9r\u00e9e Mod. IAU\"}]},{\"@type\":\"WebSite\",\"@id\":\"https:\\\/\\\/isotermica.net\\\/fr\\\/#website\",\"url\":\"https:\\\/\\\/isotermica.net\\\/fr\\\/\",\"name\":\"Isot\u00e9rmica\",\"description\":\"Fabricaci\u00f3n de Puertas para la Industria Alimentaria\",\"publisher\":{\"@id\":\"https:\\\/\\\/isotermica.net\\\/fr\\\/#organization\"},\"potentialAction\":[{\"@type\":\"SearchAction\",\"target\":{\"@type\":\"EntryPoint\",\"urlTemplate\":\"https:\\\/\\\/isotermica.net\\\/fr\\\/?s={search_term_string}\"},\"query-input\":{\"@type\":\"PropertyValueSpecification\",\"valueRequired\":true,\"valueName\":\"search_term_string\"}}],\"inLanguage\":\"fr-FR\"},{\"@type\":\"Organization\",\"@id\":\"https:\\\/\\\/isotermica.net\\\/fr\\\/#organization\",\"name\":\"Isot\u00e9rmica\",\"url\":\"https:\\\/\\\/isotermica.net\\\/fr\\\/\",\"logo\":{\"@type\":\"ImageObject\",\"inLanguage\":\"fr-FR\",\"@id\":\"https:\\\/\\\/isotermica.net\\\/fr\\\/#\\\/schema\\\/logo\\\/image\\\/\",\"url\":\"https:\\\/\\\/isotermica.net\\\/wp-content\\\/uploads\\\/2023\\\/08\\\/logo-isotermica-color.svg\",\"contentUrl\":\"https:\\\/\\\/isotermica.net\\\/wp-content\\\/uploads\\\/2023\\\/08\\\/logo-isotermica-color.svg\",\"width\":504,\"height\":71,\"caption\":\"Isot\u00e9rmica\"},\"image\":{\"@id\":\"https:\\\/\\\/isotermica.net\\\/fr\\\/#\\\/schema\\\/logo\\\/image\\\/\"}}]}<\/script>\n<!-- \/ Yoast SEO plugin. -->","yoast_head_json":{"title":"Porte coulissante r\u00e9frig\u00e9r\u00e9e Mod. IAU - Isot\u00e9rmica","robots":{"index":"index","follow":"follow","max-snippet":"max-snippet:-1","max-image-preview":"max-image-preview:large","max-video-preview":"max-video-preview:-1"},"canonical":"https:\/\/isotermica.net\/fr\/produit\/porte-coulissante-refrigeree-mod-iau\/","og_locale":"fr_FR","og_type":"article","og_title":"Porte coulissante r\u00e9frig\u00e9r\u00e9e Mod. IAU - Isot\u00e9rmica","og_description":"Porte coulissante r\u00e9frig\u00e9r\u00e9e Mod. IAU ELECTRIC AUTOMATION Rail Fabriqu\u00e9 en aluminium extrud\u00e9 pour abriter tous les composants de la transmission. Joints \u00e0 brosse inf\u00e9rieurs pour une meilleure hygi\u00e8ne. Transmission avec cha\u00eene de \u00bd pouce. Couvercles, supports et quincaillerie en acier inoxydable. Tableau \u00e9lectrique : Il se compose d&rsquo;un panneau de commande qui int\u00e8gre un convertisseur ... Lire la suite","og_url":"https:\/\/isotermica.net\/fr\/produit\/porte-coulissante-refrigeree-mod-iau\/","og_site_name":"Isot\u00e9rmica","article_modified_time":"2024-11-21T13:06:46+00:00","og_image":[{"width":503,"height":503,"url":"https:\/\/isotermica.net\/wp-content\/uploads\/2023\/10\/IAU-portada.jpg","type":"image\/jpeg"}],"twitter_card":"summary_large_image","twitter_misc":{"Dur\u00e9e de lecture estim\u00e9e":"1 minute"},"schema":{"@context":"https:\/\/schema.org","@graph":[{"@type":"WebPage","@id":"https:\/\/isotermica.net\/fr\/produit\/porte-coulissante-refrigeree-mod-iau\/","url":"https:\/\/isotermica.net\/fr\/produit\/porte-coulissante-refrigeree-mod-iau\/","name":"Porte coulissante r\u00e9frig\u00e9r\u00e9e Mod. IAU - Isot\u00e9rmica","isPartOf":{"@id":"https:\/\/isotermica.net\/fr\/#website"},"primaryImageOfPage":{"@id":"https:\/\/isotermica.net\/fr\/produit\/porte-coulissante-refrigeree-mod-iau\/#primaryimage"},"image":{"@id":"https:\/\/isotermica.net\/fr\/produit\/porte-coulissante-refrigeree-mod-iau\/#primaryimage"},"thumbnailUrl":"https:\/\/isotermica.net\/wp-content\/uploads\/2023\/10\/IAU-portada.jpg","datePublished":"2023-08-30T09:30:00+00:00","dateModified":"2024-11-21T13:06:46+00:00","breadcrumb":{"@id":"https:\/\/isotermica.net\/fr\/produit\/porte-coulissante-refrigeree-mod-iau\/#breadcrumb"},"inLanguage":"fr-FR","potentialAction":[{"@type":"ReadAction","target":["https:\/\/isotermica.net\/fr\/produit\/porte-coulissante-refrigeree-mod-iau\/"]}]},{"@type":"ImageObject","inLanguage":"fr-FR","@id":"https:\/\/isotermica.net\/fr\/produit\/porte-coulissante-refrigeree-mod-iau\/#primaryimage","url":"https:\/\/isotermica.net\/wp-content\/uploads\/2023\/10\/IAU-portada.jpg","contentUrl":"https:\/\/isotermica.net\/wp-content\/uploads\/2023\/10\/IAU-portada.jpg","width":503,"height":503},{"@type":"BreadcrumbList","@id":"https:\/\/isotermica.net\/fr\/produit\/porte-coulissante-refrigeree-mod-iau\/#breadcrumb","itemListElement":[{"@type":"ListItem","position":1,"name":"Inicio","item":"https:\/\/isotermica.net\/fr\/accueil\/"},{"@type":"ListItem","position":2,"name":"Produits","item":"https:\/\/isotermica.net\/fr\/produit\/"},{"@type":"ListItem","position":3,"name":"Portes r\u00e9frig\u00e9r\u00e9es","item":"https:\/\/isotermica.net\/fr\/cat\u00e9gorie-produit\/portes-regrigerees\/"},{"@type":"ListItem","position":4,"name":"Portes coulissantes r\u00e9frig\u00e9r\u00e9es","item":"https:\/\/isotermica.net\/fr\/cat\u00e9gorie-produit\/portes-coulissantes-refrigerateurs\/"},{"@type":"ListItem","position":5,"name":"Porte coulissante r\u00e9frig\u00e9r\u00e9e Mod. IAU"}]},{"@type":"WebSite","@id":"https:\/\/isotermica.net\/fr\/#website","url":"https:\/\/isotermica.net\/fr\/","name":"Isot\u00e9rmica","description":"Fabricaci\u00f3n de Puertas para la Industria Alimentaria","publisher":{"@id":"https:\/\/isotermica.net\/fr\/#organization"},"potentialAction":[{"@type":"SearchAction","target":{"@type":"EntryPoint","urlTemplate":"https:\/\/isotermica.net\/fr\/?s={search_term_string}"},"query-input":{"@type":"PropertyValueSpecification","valueRequired":true,"valueName":"search_term_string"}}],"inLanguage":"fr-FR"},{"@type":"Organization","@id":"https:\/\/isotermica.net\/fr\/#organization","name":"Isot\u00e9rmica","url":"https:\/\/isotermica.net\/fr\/","logo":{"@type":"ImageObject","inLanguage":"fr-FR","@id":"https:\/\/isotermica.net\/fr\/#\/schema\/logo\/image\/","url":"https:\/\/isotermica.net\/wp-content\/uploads\/2023\/08\/logo-isotermica-color.svg","contentUrl":"https:\/\/isotermica.net\/wp-content\/uploads\/2023\/08\/logo-isotermica-color.svg","width":504,"height":71,"caption":"Isot\u00e9rmica"},"image":{"@id":"https:\/\/isotermica.net\/fr\/#\/schema\/logo\/image\/"}}]}},"_links":{"self":[{"href":"https:\/\/isotermica.net\/fr\/wp-json\/wp\/v2\/producto\/2182","targetHints":{"allow":["GET"]}}],"collection":[{"href":"https:\/\/isotermica.net\/fr\/wp-json\/wp\/v2\/producto"}],"about":[{"href":"https:\/\/isotermica.net\/fr\/wp-json\/wp\/v2\/types\/producto"}],"wp:featuredmedia":[{"embeddable":true,"href":"https:\/\/isotermica.net\/fr\/wp-json\/wp\/v2\/media\/2185"}],"wp:attachment":[{"href":"https:\/\/isotermica.net\/fr\/wp-json\/wp\/v2\/media?parent=2182"}],"wp:term":[{"taxonomy":"categoria-producto","embeddable":true,"href":"https:\/\/isotermica.net\/fr\/wp-json\/wp\/v2\/categoria-producto?post=2182"}],"curies":[{"name":"wp","href":"https:\/\/api.w.org\/{rel}","templated":true}]}}