{"id":2168,"date":"2023-08-30T11:03:06","date_gmt":"2023-08-30T09:03:06","guid":{"rendered":"https:\/\/isotermica.net\/producto\/porte-coulissante-refrigeree-mod-ipf-industrial\/"},"modified":"2024-11-21T14:06:44","modified_gmt":"2024-11-21T13:06:44","slug":"porte-coulissante-refrigeree-mod-ipf-industrial","status":"publish","type":"producto","link":"https:\/\/isotermica.net\/fr\/produit\/porte-coulissante-refrigeree-mod-ipf-industrial\/","title":{"rendered":"Porte coulissante r\u00e9frig\u00e9r\u00e9e Mod. IPF INDUSTRIAL"},"content":{"rendered":"<h2 class=\"descripcion\">Porte coulissante industrielle pour chambre froide<\/h2>\n<h5><strong>Le cadre<\/strong><\/h5>\n<p>Profil\u00e9 en aluminium extrud\u00e9 \u00e0 haute r\u00e9sistance, \u00e0 double rupture thermique, adaptable \u00e0 diff\u00e9rentes \u00e9paisseurs de panneaux gr\u00e2ce \u00e0 des accessoires interchangeables.  &gt;  Profil\u00e9 lamin\u00e9 \u00e0 chaud de type UPN avec rupture de pont thermique, finition en acier inoxydable.  &gt;  En cas de basse temp\u00e9rature, une r\u00e9sistance correspondante mod. AKO 30W\/ml est incorpor\u00e9e. <\/p>\n<h5><strong>D\u00e9pliant<\/strong><\/h5>\n<p>Isolation en mousse de polyur\u00e9thane haute densit\u00e9, environ 50 Kg\/m3.  &gt;  Finition en t\u00f4le d&rsquo;acier de 0,6 mm.  &gt;  \u00c9paisseur avec diff\u00e9rentes finitions avec Laque blanche 1006 (standard) &#8211; Laque color\u00e9e &#8211; Plastisol &#8211; Acier inoxydable.  &gt;  Cadre de vantail en profil\u00e9 d&rsquo;acier inoxydable AISI 304 d&rsquo;une \u00e9paisseur de 2 mm avec rupture de pont thermique incorpor\u00e9e, tous les bords sont soud\u00e9s au TIG.   &gt;  Epaisseurs : 100 mm (Conservation) &#8211; 120 mm (Cong\u00e9lation) &#8211; 140 mm (Tunnel).  &gt;  Joint d&rsquo;\u00e9tanch\u00e9it\u00e9 \u00e0 double alv\u00e9ole tr\u00e8s flexible.<\/p>\n<h5><strong>Raccords en fer<\/strong><\/h5>\n<p>Profil\u00e9 en aluminium extrud\u00e9, patin avec 4 roulements en polyamide inject\u00e9.  &gt;  Syst\u00e8me silencieux et tr\u00e8s souple, m\u00eame pour les grandes portes.  &gt;  Vis en acier inoxydable A2.<\/p>\n<h5><strong>Options<\/strong><\/h5>\n<p>Automatisme \u00e9lectrique.  &gt;  Serrure homologu\u00e9e.  &gt;  Chapelle pour le passage du rail.  &gt;  Cadres et raccords en acier inoxydable.<\/p>\n","protected":false},"featured_media":2176,"template":"","categoria-producto":[63,75],"class_list":["post-2168","producto","type-producto","status-publish","has-post-thumbnail","hentry","categoria-producto-portes-coulissantes-refrigerateurs","categoria-producto-portes-regrigerees"],"acf":[],"yoast_head":"<!-- This site is optimized with the Yoast SEO plugin v27.4 - https:\/\/yoast.com\/product\/yoast-seo-wordpress\/ -->\n<title>Porte coulissante r\u00e9frig\u00e9r\u00e9e Mod. IPF INDUSTRIAL - Isot\u00e9rmica<\/title>\n<meta name=\"robots\" content=\"index, follow, max-snippet:-1, max-image-preview:large, max-video-preview:-1\" \/>\n<link rel=\"canonical\" href=\"https:\/\/isotermica.net\/fr\/produit\/porte-coulissante-refrigeree-mod-ipf-industrial\/\" \/>\n<meta property=\"og:locale\" content=\"fr_FR\" \/>\n<meta property=\"og:type\" content=\"article\" \/>\n<meta property=\"og:title\" content=\"Porte coulissante r\u00e9frig\u00e9r\u00e9e Mod. IPF INDUSTRIAL - Isot\u00e9rmica\" \/>\n<meta property=\"og:description\" content=\"Porte coulissante industrielle pour chambre froide Le cadre Profil\u00e9 en aluminium extrud\u00e9 \u00e0 haute r\u00e9sistance, \u00e0 double rupture thermique, adaptable \u00e0 diff\u00e9rentes \u00e9paisseurs de panneaux gr\u00e2ce \u00e0 des accessoires interchangeables. &gt; Profil\u00e9 lamin\u00e9 \u00e0 chaud de type UPN avec rupture de pont thermique, finition en acier inoxydable. &gt; En cas de basse temp\u00e9rature, une r\u00e9sistance ... Lire la suite\" \/>\n<meta property=\"og:url\" content=\"https:\/\/isotermica.net\/fr\/produit\/porte-coulissante-refrigeree-mod-ipf-industrial\/\" \/>\n<meta property=\"og:site_name\" content=\"Isot\u00e9rmica\" \/>\n<meta property=\"article:modified_time\" content=\"2024-11-21T13:06:44+00:00\" \/>\n<meta property=\"og:image\" content=\"https:\/\/isotermica.net\/wp-content\/uploads\/2023\/08\/PUERTA-CORREDERA-FRIGORIFICA-INDUSTRIAL-MODELO-IPF.jpg\" \/>\n\t<meta property=\"og:image:width\" content=\"1448\" \/>\n\t<meta property=\"og:image:height\" content=\"1449\" \/>\n\t<meta property=\"og:image:type\" content=\"image\/jpeg\" \/>\n<meta name=\"twitter:card\" content=\"summary_large_image\" \/>\n<meta name=\"twitter:label1\" content=\"Dur\u00e9e de lecture estim\u00e9e\" \/>\n\t<meta name=\"twitter:data1\" content=\"1 minute\" \/>\n<script type=\"application\/ld+json\" class=\"yoast-schema-graph\">{\"@context\":\"https:\\\/\\\/schema.org\",\"@graph\":[{\"@type\":\"WebPage\",\"@id\":\"https:\\\/\\\/isotermica.net\\\/fr\\\/produit\\\/porte-coulissante-refrigeree-mod-ipf-industrial\\\/\",\"url\":\"https:\\\/\\\/isotermica.net\\\/fr\\\/produit\\\/porte-coulissante-refrigeree-mod-ipf-industrial\\\/\",\"name\":\"Porte coulissante r\u00e9frig\u00e9r\u00e9e Mod. IPF INDUSTRIAL - Isot\u00e9rmica\",\"isPartOf\":{\"@id\":\"https:\\\/\\\/isotermica.net\\\/fr\\\/#website\"},\"primaryImageOfPage\":{\"@id\":\"https:\\\/\\\/isotermica.net\\\/fr\\\/produit\\\/porte-coulissante-refrigeree-mod-ipf-industrial\\\/#primaryimage\"},\"image\":{\"@id\":\"https:\\\/\\\/isotermica.net\\\/fr\\\/produit\\\/porte-coulissante-refrigeree-mod-ipf-industrial\\\/#primaryimage\"},\"thumbnailUrl\":\"https:\\\/\\\/isotermica.net\\\/wp-content\\\/uploads\\\/2023\\\/08\\\/PUERTA-CORREDERA-FRIGORIFICA-INDUSTRIAL-MODELO-IPF.jpg\",\"datePublished\":\"2023-08-30T09:03:06+00:00\",\"dateModified\":\"2024-11-21T13:06:44+00:00\",\"breadcrumb\":{\"@id\":\"https:\\\/\\\/isotermica.net\\\/fr\\\/produit\\\/porte-coulissante-refrigeree-mod-ipf-industrial\\\/#breadcrumb\"},\"inLanguage\":\"fr-FR\",\"potentialAction\":[{\"@type\":\"ReadAction\",\"target\":[\"https:\\\/\\\/isotermica.net\\\/fr\\\/produit\\\/porte-coulissante-refrigeree-mod-ipf-industrial\\\/\"]}]},{\"@type\":\"ImageObject\",\"inLanguage\":\"fr-FR\",\"@id\":\"https:\\\/\\\/isotermica.net\\\/fr\\\/produit\\\/porte-coulissante-refrigeree-mod-ipf-industrial\\\/#primaryimage\",\"url\":\"https:\\\/\\\/isotermica.net\\\/wp-content\\\/uploads\\\/2023\\\/08\\\/PUERTA-CORREDERA-FRIGORIFICA-INDUSTRIAL-MODELO-IPF.jpg\",\"contentUrl\":\"https:\\\/\\\/isotermica.net\\\/wp-content\\\/uploads\\\/2023\\\/08\\\/PUERTA-CORREDERA-FRIGORIFICA-INDUSTRIAL-MODELO-IPF.jpg\",\"width\":1448,\"height\":1449},{\"@type\":\"BreadcrumbList\",\"@id\":\"https:\\\/\\\/isotermica.net\\\/fr\\\/produit\\\/porte-coulissante-refrigeree-mod-ipf-industrial\\\/#breadcrumb\",\"itemListElement\":[{\"@type\":\"ListItem\",\"position\":1,\"name\":\"Inicio\",\"item\":\"https:\\\/\\\/isotermica.net\\\/fr\\\/accueil\\\/\"},{\"@type\":\"ListItem\",\"position\":2,\"name\":\"Produits\",\"item\":\"https:\\\/\\\/isotermica.net\\\/fr\\\/produit\\\/\"},{\"@type\":\"ListItem\",\"position\":3,\"name\":\"Portes r\u00e9frig\u00e9r\u00e9es\",\"item\":\"https:\\\/\\\/isotermica.net\\\/fr\\\/cat\u00e9gorie-produit\\\/portes-regrigerees\\\/\"},{\"@type\":\"ListItem\",\"position\":4,\"name\":\"Portes coulissantes r\u00e9frig\u00e9r\u00e9es\",\"item\":\"https:\\\/\\\/isotermica.net\\\/fr\\\/cat\u00e9gorie-produit\\\/portes-coulissantes-refrigerateurs\\\/\"},{\"@type\":\"ListItem\",\"position\":5,\"name\":\"Porte coulissante r\u00e9frig\u00e9r\u00e9e Mod. IPF INDUSTRIAL\"}]},{\"@type\":\"WebSite\",\"@id\":\"https:\\\/\\\/isotermica.net\\\/fr\\\/#website\",\"url\":\"https:\\\/\\\/isotermica.net\\\/fr\\\/\",\"name\":\"Isot\u00e9rmica\",\"description\":\"Fabricaci\u00f3n de Puertas para la Industria Alimentaria\",\"publisher\":{\"@id\":\"https:\\\/\\\/isotermica.net\\\/fr\\\/#organization\"},\"potentialAction\":[{\"@type\":\"SearchAction\",\"target\":{\"@type\":\"EntryPoint\",\"urlTemplate\":\"https:\\\/\\\/isotermica.net\\\/fr\\\/?s={search_term_string}\"},\"query-input\":{\"@type\":\"PropertyValueSpecification\",\"valueRequired\":true,\"valueName\":\"search_term_string\"}}],\"inLanguage\":\"fr-FR\"},{\"@type\":\"Organization\",\"@id\":\"https:\\\/\\\/isotermica.net\\\/fr\\\/#organization\",\"name\":\"Isot\u00e9rmica\",\"url\":\"https:\\\/\\\/isotermica.net\\\/fr\\\/\",\"logo\":{\"@type\":\"ImageObject\",\"inLanguage\":\"fr-FR\",\"@id\":\"https:\\\/\\\/isotermica.net\\\/fr\\\/#\\\/schema\\\/logo\\\/image\\\/\",\"url\":\"https:\\\/\\\/isotermica.net\\\/wp-content\\\/uploads\\\/2023\\\/08\\\/logo-isotermica-color.svg\",\"contentUrl\":\"https:\\\/\\\/isotermica.net\\\/wp-content\\\/uploads\\\/2023\\\/08\\\/logo-isotermica-color.svg\",\"width\":504,\"height\":71,\"caption\":\"Isot\u00e9rmica\"},\"image\":{\"@id\":\"https:\\\/\\\/isotermica.net\\\/fr\\\/#\\\/schema\\\/logo\\\/image\\\/\"}}]}<\/script>\n<!-- \/ Yoast SEO plugin. -->","yoast_head_json":{"title":"Porte coulissante r\u00e9frig\u00e9r\u00e9e Mod. IPF INDUSTRIAL - Isot\u00e9rmica","robots":{"index":"index","follow":"follow","max-snippet":"max-snippet:-1","max-image-preview":"max-image-preview:large","max-video-preview":"max-video-preview:-1"},"canonical":"https:\/\/isotermica.net\/fr\/produit\/porte-coulissante-refrigeree-mod-ipf-industrial\/","og_locale":"fr_FR","og_type":"article","og_title":"Porte coulissante r\u00e9frig\u00e9r\u00e9e Mod. IPF INDUSTRIAL - Isot\u00e9rmica","og_description":"Porte coulissante industrielle pour chambre froide Le cadre Profil\u00e9 en aluminium extrud\u00e9 \u00e0 haute r\u00e9sistance, \u00e0 double rupture thermique, adaptable \u00e0 diff\u00e9rentes \u00e9paisseurs de panneaux gr\u00e2ce \u00e0 des accessoires interchangeables. &gt; Profil\u00e9 lamin\u00e9 \u00e0 chaud de type UPN avec rupture de pont thermique, finition en acier inoxydable. &gt; En cas de basse temp\u00e9rature, une r\u00e9sistance ... Lire la suite","og_url":"https:\/\/isotermica.net\/fr\/produit\/porte-coulissante-refrigeree-mod-ipf-industrial\/","og_site_name":"Isot\u00e9rmica","article_modified_time":"2024-11-21T13:06:44+00:00","og_image":[{"width":1448,"height":1449,"url":"https:\/\/isotermica.net\/wp-content\/uploads\/2023\/08\/PUERTA-CORREDERA-FRIGORIFICA-INDUSTRIAL-MODELO-IPF.jpg","type":"image\/jpeg"}],"twitter_card":"summary_large_image","twitter_misc":{"Dur\u00e9e de lecture estim\u00e9e":"1 minute"},"schema":{"@context":"https:\/\/schema.org","@graph":[{"@type":"WebPage","@id":"https:\/\/isotermica.net\/fr\/produit\/porte-coulissante-refrigeree-mod-ipf-industrial\/","url":"https:\/\/isotermica.net\/fr\/produit\/porte-coulissante-refrigeree-mod-ipf-industrial\/","name":"Porte coulissante r\u00e9frig\u00e9r\u00e9e Mod. IPF INDUSTRIAL - Isot\u00e9rmica","isPartOf":{"@id":"https:\/\/isotermica.net\/fr\/#website"},"primaryImageOfPage":{"@id":"https:\/\/isotermica.net\/fr\/produit\/porte-coulissante-refrigeree-mod-ipf-industrial\/#primaryimage"},"image":{"@id":"https:\/\/isotermica.net\/fr\/produit\/porte-coulissante-refrigeree-mod-ipf-industrial\/#primaryimage"},"thumbnailUrl":"https:\/\/isotermica.net\/wp-content\/uploads\/2023\/08\/PUERTA-CORREDERA-FRIGORIFICA-INDUSTRIAL-MODELO-IPF.jpg","datePublished":"2023-08-30T09:03:06+00:00","dateModified":"2024-11-21T13:06:44+00:00","breadcrumb":{"@id":"https:\/\/isotermica.net\/fr\/produit\/porte-coulissante-refrigeree-mod-ipf-industrial\/#breadcrumb"},"inLanguage":"fr-FR","potentialAction":[{"@type":"ReadAction","target":["https:\/\/isotermica.net\/fr\/produit\/porte-coulissante-refrigeree-mod-ipf-industrial\/"]}]},{"@type":"ImageObject","inLanguage":"fr-FR","@id":"https:\/\/isotermica.net\/fr\/produit\/porte-coulissante-refrigeree-mod-ipf-industrial\/#primaryimage","url":"https:\/\/isotermica.net\/wp-content\/uploads\/2023\/08\/PUERTA-CORREDERA-FRIGORIFICA-INDUSTRIAL-MODELO-IPF.jpg","contentUrl":"https:\/\/isotermica.net\/wp-content\/uploads\/2023\/08\/PUERTA-CORREDERA-FRIGORIFICA-INDUSTRIAL-MODELO-IPF.jpg","width":1448,"height":1449},{"@type":"BreadcrumbList","@id":"https:\/\/isotermica.net\/fr\/produit\/porte-coulissante-refrigeree-mod-ipf-industrial\/#breadcrumb","itemListElement":[{"@type":"ListItem","position":1,"name":"Inicio","item":"https:\/\/isotermica.net\/fr\/accueil\/"},{"@type":"ListItem","position":2,"name":"Produits","item":"https:\/\/isotermica.net\/fr\/produit\/"},{"@type":"ListItem","position":3,"name":"Portes r\u00e9frig\u00e9r\u00e9es","item":"https:\/\/isotermica.net\/fr\/cat\u00e9gorie-produit\/portes-regrigerees\/"},{"@type":"ListItem","position":4,"name":"Portes coulissantes r\u00e9frig\u00e9r\u00e9es","item":"https:\/\/isotermica.net\/fr\/cat\u00e9gorie-produit\/portes-coulissantes-refrigerateurs\/"},{"@type":"ListItem","position":5,"name":"Porte coulissante r\u00e9frig\u00e9r\u00e9e Mod. IPF INDUSTRIAL"}]},{"@type":"WebSite","@id":"https:\/\/isotermica.net\/fr\/#website","url":"https:\/\/isotermica.net\/fr\/","name":"Isot\u00e9rmica","description":"Fabricaci\u00f3n de Puertas para la Industria Alimentaria","publisher":{"@id":"https:\/\/isotermica.net\/fr\/#organization"},"potentialAction":[{"@type":"SearchAction","target":{"@type":"EntryPoint","urlTemplate":"https:\/\/isotermica.net\/fr\/?s={search_term_string}"},"query-input":{"@type":"PropertyValueSpecification","valueRequired":true,"valueName":"search_term_string"}}],"inLanguage":"fr-FR"},{"@type":"Organization","@id":"https:\/\/isotermica.net\/fr\/#organization","name":"Isot\u00e9rmica","url":"https:\/\/isotermica.net\/fr\/","logo":{"@type":"ImageObject","inLanguage":"fr-FR","@id":"https:\/\/isotermica.net\/fr\/#\/schema\/logo\/image\/","url":"https:\/\/isotermica.net\/wp-content\/uploads\/2023\/08\/logo-isotermica-color.svg","contentUrl":"https:\/\/isotermica.net\/wp-content\/uploads\/2023\/08\/logo-isotermica-color.svg","width":504,"height":71,"caption":"Isot\u00e9rmica"},"image":{"@id":"https:\/\/isotermica.net\/fr\/#\/schema\/logo\/image\/"}}]}},"_links":{"self":[{"href":"https:\/\/isotermica.net\/fr\/wp-json\/wp\/v2\/producto\/2168","targetHints":{"allow":["GET"]}}],"collection":[{"href":"https:\/\/isotermica.net\/fr\/wp-json\/wp\/v2\/producto"}],"about":[{"href":"https:\/\/isotermica.net\/fr\/wp-json\/wp\/v2\/types\/producto"}],"wp:featuredmedia":[{"embeddable":true,"href":"https:\/\/isotermica.net\/fr\/wp-json\/wp\/v2\/media\/2176"}],"wp:attachment":[{"href":"https:\/\/isotermica.net\/fr\/wp-json\/wp\/v2\/media?parent=2168"}],"wp:term":[{"taxonomy":"categoria-producto","embeddable":true,"href":"https:\/\/isotermica.net\/fr\/wp-json\/wp\/v2\/categoria-producto?post=2168"}],"curies":[{"name":"wp","href":"https:\/\/api.w.org\/{rel}","templated":true}]}}