{"id":2151,"date":"2023-08-30T11:11:55","date_gmt":"2023-08-30T09:11:55","guid":{"rendered":"https:\/\/isotermica.net\/producto\/porte-a-atmosphere-controlee-mod-ipac\/"},"modified":"2024-11-21T14:06:43","modified_gmt":"2024-11-21T13:06:43","slug":"porte-a-atmosphere-controlee-mod-ipac","status":"publish","type":"producto","link":"https:\/\/isotermica.net\/fr\/produit\/porte-a-atmosphere-controlee-mod-ipac\/","title":{"rendered":"Porte \u00e0 atmosph\u00e8re contr\u00f4l\u00e9e Mod. IPAC"},"content":{"rendered":"<h2 class=\"descripcion\">Porte coulissante \u00e0 contr\u00f4le atmosph\u00e9rique<\/h2>\n<h5><strong>Le cadre<\/strong><\/h5>\n<p>Profil\u00e9 en aluminium extrud\u00e9 \u00e0 haute r\u00e9sistance, \u00e0 double rupture thermique, adaptable \u00e0 diff\u00e9rentes \u00e9paisseurs de panneaux gr\u00e2ce \u00e0 des accessoires interchangeables.  &gt;  Profil\u00e9 lamin\u00e9 \u00e0 chaud de type UPN avec rupture de pont thermique, finition en acier inoxydable.  &gt;  Tous les joints doivent \u00eatre scell\u00e9s int\u00e9rieurement avec du silicone neutre.<\/p>\n<h5><strong>D\u00e9pliant<\/strong><\/h5>\n<p>Isolation en mousse de polyur\u00e9thane haute densit\u00e9 50 kg\/m3 env. 40mm. Epaisseur.    &gt;  Finition en t\u00f4le d&rsquo;acier de 0,6 mm.  &gt;  \u00c9paisseur avec diff\u00e9rentes finitions : blanc laqu\u00e9 1006 (standard) &#8211; couleurs laqu\u00e9es &#8211; Plastisol &#8211; Acier inoxydable.  &gt;  Volet de porte en profil\u00e9 d&rsquo;aluminium anodis\u00e9 haute r\u00e9sistance avec rupture de pont thermique int\u00e9gr\u00e9e.  &gt;  \u00c9paisseur : 100 mm. &#8211; 120 mm.   &gt;  Fen\u00eatre \u00e0 battant 800 x 600 avec volant de pression et 4 verrous excentriques en acier inoxydable, scell\u00e9s de mani\u00e8re \u00e9tanche. <\/p>\n<h5><strong>Raccords en fer<\/strong><\/h5>\n<p>Profil\u00e9 d&rsquo;aluminium extrud\u00e9.  &gt;  Palier avec 4 roulements inject\u00e9s en polyamide.  &gt;  Syst\u00e8me silencieux et tr\u00e8s souple, m\u00eame pour les grandes portes.  &gt;  Vis en acier inoxydable A2.<\/p>\n<h5><strong>Options<\/strong><\/h5>\n<p>Cadres et raccords en acier inoxydable.<\/p>\n","protected":false},"featured_media":2159,"template":"","categoria-producto":[63,75],"class_list":["post-2151","producto","type-producto","status-publish","has-post-thumbnail","hentry","categoria-producto-portes-coulissantes-refrigerateurs","categoria-producto-portes-regrigerees"],"acf":[],"yoast_head":"<!-- This site is optimized with the Yoast SEO plugin v27.4 - https:\/\/yoast.com\/product\/yoast-seo-wordpress\/ -->\n<title>Porte \u00e0 atmosph\u00e8re contr\u00f4l\u00e9e Mod. IPAC - Isot\u00e9rmica<\/title>\n<meta name=\"robots\" content=\"index, follow, max-snippet:-1, max-image-preview:large, max-video-preview:-1\" \/>\n<link rel=\"canonical\" href=\"https:\/\/isotermica.net\/fr\/produit\/porte-a-atmosphere-controlee-mod-ipac\/\" \/>\n<meta property=\"og:locale\" content=\"fr_FR\" \/>\n<meta property=\"og:type\" content=\"article\" \/>\n<meta property=\"og:title\" content=\"Porte \u00e0 atmosph\u00e8re contr\u00f4l\u00e9e Mod. IPAC - Isot\u00e9rmica\" \/>\n<meta property=\"og:description\" content=\"Porte coulissante \u00e0 contr\u00f4le atmosph\u00e9rique Le cadre Profil\u00e9 en aluminium extrud\u00e9 \u00e0 haute r\u00e9sistance, \u00e0 double rupture thermique, adaptable \u00e0 diff\u00e9rentes \u00e9paisseurs de panneaux gr\u00e2ce \u00e0 des accessoires interchangeables. &gt; Profil\u00e9 lamin\u00e9 \u00e0 chaud de type UPN avec rupture de pont thermique, finition en acier inoxydable. &gt; Tous les joints doivent \u00eatre scell\u00e9s int\u00e9rieurement avec ... Lire la suite\" \/>\n<meta property=\"og:url\" content=\"https:\/\/isotermica.net\/fr\/produit\/porte-a-atmosphere-controlee-mod-ipac\/\" \/>\n<meta property=\"og:site_name\" content=\"Isot\u00e9rmica\" \/>\n<meta property=\"article:modified_time\" content=\"2024-11-21T13:06:43+00:00\" \/>\n<meta property=\"og:image\" content=\"https:\/\/isotermica.net\/wp-content\/uploads\/2023\/08\/portada-iPAC.jpg\" \/>\n\t<meta property=\"og:image:width\" content=\"882\" \/>\n\t<meta property=\"og:image:height\" content=\"883\" \/>\n\t<meta property=\"og:image:type\" content=\"image\/jpeg\" \/>\n<meta name=\"twitter:card\" content=\"summary_large_image\" \/>\n<meta name=\"twitter:label1\" content=\"Dur\u00e9e de lecture estim\u00e9e\" \/>\n\t<meta name=\"twitter:data1\" content=\"1 minute\" \/>\n<script type=\"application\/ld+json\" class=\"yoast-schema-graph\">{\"@context\":\"https:\\\/\\\/schema.org\",\"@graph\":[{\"@type\":\"WebPage\",\"@id\":\"https:\\\/\\\/isotermica.net\\\/fr\\\/produit\\\/porte-a-atmosphere-controlee-mod-ipac\\\/\",\"url\":\"https:\\\/\\\/isotermica.net\\\/fr\\\/produit\\\/porte-a-atmosphere-controlee-mod-ipac\\\/\",\"name\":\"Porte \u00e0 atmosph\u00e8re contr\u00f4l\u00e9e Mod. IPAC - Isot\u00e9rmica\",\"isPartOf\":{\"@id\":\"https:\\\/\\\/isotermica.net\\\/fr\\\/#website\"},\"primaryImageOfPage\":{\"@id\":\"https:\\\/\\\/isotermica.net\\\/fr\\\/produit\\\/porte-a-atmosphere-controlee-mod-ipac\\\/#primaryimage\"},\"image\":{\"@id\":\"https:\\\/\\\/isotermica.net\\\/fr\\\/produit\\\/porte-a-atmosphere-controlee-mod-ipac\\\/#primaryimage\"},\"thumbnailUrl\":\"https:\\\/\\\/isotermica.net\\\/wp-content\\\/uploads\\\/2023\\\/08\\\/portada-iPAC.jpg\",\"datePublished\":\"2023-08-30T09:11:55+00:00\",\"dateModified\":\"2024-11-21T13:06:43+00:00\",\"breadcrumb\":{\"@id\":\"https:\\\/\\\/isotermica.net\\\/fr\\\/produit\\\/porte-a-atmosphere-controlee-mod-ipac\\\/#breadcrumb\"},\"inLanguage\":\"fr-FR\",\"potentialAction\":[{\"@type\":\"ReadAction\",\"target\":[\"https:\\\/\\\/isotermica.net\\\/fr\\\/produit\\\/porte-a-atmosphere-controlee-mod-ipac\\\/\"]}]},{\"@type\":\"ImageObject\",\"inLanguage\":\"fr-FR\",\"@id\":\"https:\\\/\\\/isotermica.net\\\/fr\\\/produit\\\/porte-a-atmosphere-controlee-mod-ipac\\\/#primaryimage\",\"url\":\"https:\\\/\\\/isotermica.net\\\/wp-content\\\/uploads\\\/2023\\\/08\\\/portada-iPAC.jpg\",\"contentUrl\":\"https:\\\/\\\/isotermica.net\\\/wp-content\\\/uploads\\\/2023\\\/08\\\/portada-iPAC.jpg\",\"width\":882,\"height\":883},{\"@type\":\"BreadcrumbList\",\"@id\":\"https:\\\/\\\/isotermica.net\\\/fr\\\/produit\\\/porte-a-atmosphere-controlee-mod-ipac\\\/#breadcrumb\",\"itemListElement\":[{\"@type\":\"ListItem\",\"position\":1,\"name\":\"Inicio\",\"item\":\"https:\\\/\\\/isotermica.net\\\/fr\\\/accueil\\\/\"},{\"@type\":\"ListItem\",\"position\":2,\"name\":\"Produits\",\"item\":\"https:\\\/\\\/isotermica.net\\\/fr\\\/produit\\\/\"},{\"@type\":\"ListItem\",\"position\":3,\"name\":\"Portes r\u00e9frig\u00e9r\u00e9es\",\"item\":\"https:\\\/\\\/isotermica.net\\\/fr\\\/cat\u00e9gorie-produit\\\/portes-regrigerees\\\/\"},{\"@type\":\"ListItem\",\"position\":4,\"name\":\"Portes coulissantes r\u00e9frig\u00e9r\u00e9es\",\"item\":\"https:\\\/\\\/isotermica.net\\\/fr\\\/cat\u00e9gorie-produit\\\/portes-coulissantes-refrigerateurs\\\/\"},{\"@type\":\"ListItem\",\"position\":5,\"name\":\"Porte \u00e0 atmosph\u00e8re contr\u00f4l\u00e9e Mod. IPAC\"}]},{\"@type\":\"WebSite\",\"@id\":\"https:\\\/\\\/isotermica.net\\\/fr\\\/#website\",\"url\":\"https:\\\/\\\/isotermica.net\\\/fr\\\/\",\"name\":\"Isot\u00e9rmica\",\"description\":\"Fabricaci\u00f3n de Puertas para la Industria Alimentaria\",\"publisher\":{\"@id\":\"https:\\\/\\\/isotermica.net\\\/fr\\\/#organization\"},\"potentialAction\":[{\"@type\":\"SearchAction\",\"target\":{\"@type\":\"EntryPoint\",\"urlTemplate\":\"https:\\\/\\\/isotermica.net\\\/fr\\\/?s={search_term_string}\"},\"query-input\":{\"@type\":\"PropertyValueSpecification\",\"valueRequired\":true,\"valueName\":\"search_term_string\"}}],\"inLanguage\":\"fr-FR\"},{\"@type\":\"Organization\",\"@id\":\"https:\\\/\\\/isotermica.net\\\/fr\\\/#organization\",\"name\":\"Isot\u00e9rmica\",\"url\":\"https:\\\/\\\/isotermica.net\\\/fr\\\/\",\"logo\":{\"@type\":\"ImageObject\",\"inLanguage\":\"fr-FR\",\"@id\":\"https:\\\/\\\/isotermica.net\\\/fr\\\/#\\\/schema\\\/logo\\\/image\\\/\",\"url\":\"https:\\\/\\\/isotermica.net\\\/wp-content\\\/uploads\\\/2023\\\/08\\\/logo-isotermica-color.svg\",\"contentUrl\":\"https:\\\/\\\/isotermica.net\\\/wp-content\\\/uploads\\\/2023\\\/08\\\/logo-isotermica-color.svg\",\"width\":504,\"height\":71,\"caption\":\"Isot\u00e9rmica\"},\"image\":{\"@id\":\"https:\\\/\\\/isotermica.net\\\/fr\\\/#\\\/schema\\\/logo\\\/image\\\/\"}}]}<\/script>\n<!-- \/ Yoast SEO plugin. -->","yoast_head_json":{"title":"Porte \u00e0 atmosph\u00e8re contr\u00f4l\u00e9e Mod. IPAC - Isot\u00e9rmica","robots":{"index":"index","follow":"follow","max-snippet":"max-snippet:-1","max-image-preview":"max-image-preview:large","max-video-preview":"max-video-preview:-1"},"canonical":"https:\/\/isotermica.net\/fr\/produit\/porte-a-atmosphere-controlee-mod-ipac\/","og_locale":"fr_FR","og_type":"article","og_title":"Porte \u00e0 atmosph\u00e8re contr\u00f4l\u00e9e Mod. IPAC - Isot\u00e9rmica","og_description":"Porte coulissante \u00e0 contr\u00f4le atmosph\u00e9rique Le cadre Profil\u00e9 en aluminium extrud\u00e9 \u00e0 haute r\u00e9sistance, \u00e0 double rupture thermique, adaptable \u00e0 diff\u00e9rentes \u00e9paisseurs de panneaux gr\u00e2ce \u00e0 des accessoires interchangeables. &gt; Profil\u00e9 lamin\u00e9 \u00e0 chaud de type UPN avec rupture de pont thermique, finition en acier inoxydable. &gt; Tous les joints doivent \u00eatre scell\u00e9s int\u00e9rieurement avec ... Lire la suite","og_url":"https:\/\/isotermica.net\/fr\/produit\/porte-a-atmosphere-controlee-mod-ipac\/","og_site_name":"Isot\u00e9rmica","article_modified_time":"2024-11-21T13:06:43+00:00","og_image":[{"width":882,"height":883,"url":"https:\/\/isotermica.net\/wp-content\/uploads\/2023\/08\/portada-iPAC.jpg","type":"image\/jpeg"}],"twitter_card":"summary_large_image","twitter_misc":{"Dur\u00e9e de lecture estim\u00e9e":"1 minute"},"schema":{"@context":"https:\/\/schema.org","@graph":[{"@type":"WebPage","@id":"https:\/\/isotermica.net\/fr\/produit\/porte-a-atmosphere-controlee-mod-ipac\/","url":"https:\/\/isotermica.net\/fr\/produit\/porte-a-atmosphere-controlee-mod-ipac\/","name":"Porte \u00e0 atmosph\u00e8re contr\u00f4l\u00e9e Mod. IPAC - Isot\u00e9rmica","isPartOf":{"@id":"https:\/\/isotermica.net\/fr\/#website"},"primaryImageOfPage":{"@id":"https:\/\/isotermica.net\/fr\/produit\/porte-a-atmosphere-controlee-mod-ipac\/#primaryimage"},"image":{"@id":"https:\/\/isotermica.net\/fr\/produit\/porte-a-atmosphere-controlee-mod-ipac\/#primaryimage"},"thumbnailUrl":"https:\/\/isotermica.net\/wp-content\/uploads\/2023\/08\/portada-iPAC.jpg","datePublished":"2023-08-30T09:11:55+00:00","dateModified":"2024-11-21T13:06:43+00:00","breadcrumb":{"@id":"https:\/\/isotermica.net\/fr\/produit\/porte-a-atmosphere-controlee-mod-ipac\/#breadcrumb"},"inLanguage":"fr-FR","potentialAction":[{"@type":"ReadAction","target":["https:\/\/isotermica.net\/fr\/produit\/porte-a-atmosphere-controlee-mod-ipac\/"]}]},{"@type":"ImageObject","inLanguage":"fr-FR","@id":"https:\/\/isotermica.net\/fr\/produit\/porte-a-atmosphere-controlee-mod-ipac\/#primaryimage","url":"https:\/\/isotermica.net\/wp-content\/uploads\/2023\/08\/portada-iPAC.jpg","contentUrl":"https:\/\/isotermica.net\/wp-content\/uploads\/2023\/08\/portada-iPAC.jpg","width":882,"height":883},{"@type":"BreadcrumbList","@id":"https:\/\/isotermica.net\/fr\/produit\/porte-a-atmosphere-controlee-mod-ipac\/#breadcrumb","itemListElement":[{"@type":"ListItem","position":1,"name":"Inicio","item":"https:\/\/isotermica.net\/fr\/accueil\/"},{"@type":"ListItem","position":2,"name":"Produits","item":"https:\/\/isotermica.net\/fr\/produit\/"},{"@type":"ListItem","position":3,"name":"Portes r\u00e9frig\u00e9r\u00e9es","item":"https:\/\/isotermica.net\/fr\/cat\u00e9gorie-produit\/portes-regrigerees\/"},{"@type":"ListItem","position":4,"name":"Portes coulissantes r\u00e9frig\u00e9r\u00e9es","item":"https:\/\/isotermica.net\/fr\/cat\u00e9gorie-produit\/portes-coulissantes-refrigerateurs\/"},{"@type":"ListItem","position":5,"name":"Porte \u00e0 atmosph\u00e8re contr\u00f4l\u00e9e Mod. IPAC"}]},{"@type":"WebSite","@id":"https:\/\/isotermica.net\/fr\/#website","url":"https:\/\/isotermica.net\/fr\/","name":"Isot\u00e9rmica","description":"Fabricaci\u00f3n de Puertas para la Industria Alimentaria","publisher":{"@id":"https:\/\/isotermica.net\/fr\/#organization"},"potentialAction":[{"@type":"SearchAction","target":{"@type":"EntryPoint","urlTemplate":"https:\/\/isotermica.net\/fr\/?s={search_term_string}"},"query-input":{"@type":"PropertyValueSpecification","valueRequired":true,"valueName":"search_term_string"}}],"inLanguage":"fr-FR"},{"@type":"Organization","@id":"https:\/\/isotermica.net\/fr\/#organization","name":"Isot\u00e9rmica","url":"https:\/\/isotermica.net\/fr\/","logo":{"@type":"ImageObject","inLanguage":"fr-FR","@id":"https:\/\/isotermica.net\/fr\/#\/schema\/logo\/image\/","url":"https:\/\/isotermica.net\/wp-content\/uploads\/2023\/08\/logo-isotermica-color.svg","contentUrl":"https:\/\/isotermica.net\/wp-content\/uploads\/2023\/08\/logo-isotermica-color.svg","width":504,"height":71,"caption":"Isot\u00e9rmica"},"image":{"@id":"https:\/\/isotermica.net\/fr\/#\/schema\/logo\/image\/"}}]}},"_links":{"self":[{"href":"https:\/\/isotermica.net\/fr\/wp-json\/wp\/v2\/producto\/2151","targetHints":{"allow":["GET"]}}],"collection":[{"href":"https:\/\/isotermica.net\/fr\/wp-json\/wp\/v2\/producto"}],"about":[{"href":"https:\/\/isotermica.net\/fr\/wp-json\/wp\/v2\/types\/producto"}],"wp:featuredmedia":[{"embeddable":true,"href":"https:\/\/isotermica.net\/fr\/wp-json\/wp\/v2\/media\/2159"}],"wp:attachment":[{"href":"https:\/\/isotermica.net\/fr\/wp-json\/wp\/v2\/media?parent=2151"}],"wp:term":[{"taxonomy":"categoria-producto","embeddable":true,"href":"https:\/\/isotermica.net\/fr\/wp-json\/wp\/v2\/categoria-producto?post=2151"}],"curies":[{"name":"wp","href":"https:\/\/api.w.org\/{rel}","templated":true}]}}