{"id":1948,"date":"2023-08-30T10:48:08","date_gmt":"2023-08-30T08:48:08","guid":{"rendered":"https:\/\/isotermica.net\/produits-isotermica\/"},"modified":"2024-11-21T14:39:09","modified_gmt":"2024-11-21T13:39:09","slug":"produits-isotermica","status":"publish","type":"page","link":"https:\/\/isotermica.net\/fr\/produits-isotermica\/","title":{"rendered":"Produits Isotermica"},"content":{"rendered":"\t\t<div data-elementor-type=\"wp-page\" data-elementor-id=\"1948\" class=\"elementor elementor-1948 elementor-522\" data-elementor-post-type=\"page\">\n\t\t\t\t<div class=\"elementor-element elementor-element-63b4067 e-flex e-con-boxed e-con e-parent\" data-id=\"63b4067\" data-element_type=\"container\" data-e-type=\"container\" data-settings=\"{&quot;background_background&quot;:&quot;classic&quot;}\">\n\t\t\t\t\t<div class=\"e-con-inner\">\n\t\t<div class=\"elementor-element elementor-element-9a78ccd e-con-full e-flex e-con e-child\" data-id=\"9a78ccd\" data-element_type=\"container\" data-e-type=\"container\">\n\t\t<div class=\"elementor-element elementor-element-7d49634 e-con-full e-flex e-con e-child\" data-id=\"7d49634\" data-element_type=\"container\" data-e-type=\"container\" data-settings=\"{&quot;background_background&quot;:&quot;classic&quot;}\">\n\t\t\t\t<div class=\"elementor-element elementor-element-69a0a49 elementor-widget elementor-widget-heading\" data-id=\"69a0a49\" data-element_type=\"widget\" data-e-type=\"widget\" data-widget_type=\"heading.default\">\n\t\t\t\t<div class=\"elementor-widget-container\">\n\t\t\t\t\t<h2 class=\"elementor-heading-title elementor-size-default\">Portes coulissantes r\u00e9frig\u00e9r\u00e9es<\/h2>\t\t\t\t<\/div>\n\t\t\t\t<\/div>\n\t\t\t\t<div class=\"elementor-element elementor-element-d5162e2 elementor-widget elementor-widget-text-editor\" data-id=\"d5162e2\" data-element_type=\"widget\" data-e-type=\"widget\" data-widget_type=\"text-editor.default\">\n\t\t\t\t<div class=\"elementor-widget-container\">\n\t\t\t\t\t\t\t\t\t<p style=\"text-align: left;\">Portes avec de grandes portes basculantes \u00e0 haute isolation thermique et efficacit\u00e9 \u00e9nerg\u00e9tique.<\/p>\n\t\t\t\t\t\t\t\t<\/div>\n\t\t\t\t<\/div>\n\t\t\t\t<div class=\"elementor-element elementor-element-af0c9c7 elementor-absolute elementor-widget elementor-widget-heading\" data-id=\"af0c9c7\" data-element_type=\"widget\" data-e-type=\"widget\" data-settings=\"{&quot;_position&quot;:&quot;absolute&quot;}\" data-widget_type=\"heading.default\">\n\t\t\t\t<div class=\"elementor-widget-container\">\n\t\t\t\t\t<h3 class=\"elementor-heading-title elementor-size-default\">1<\/h3>\t\t\t\t<\/div>\n\t\t\t\t<\/div>\n\t\t\t\t<\/div>\n\t\t\t\t<\/div>\n\t\t<div class=\"elementor-element elementor-element-64d443e e-con-full e-flex e-con e-child\" data-id=\"64d443e\" data-element_type=\"container\" data-e-type=\"container\">\n\t\t\t\t<div class=\"elementor-element elementor-element-5baa9ff elementor-grid-4 elementor-posts--align-left elementor-grid-tablet-2 elementor-grid-mobile-1 elementor-posts--thumbnail-top elementor-widget elementor-widget-posts\" data-id=\"5baa9ff\" data-element_type=\"widget\" data-e-type=\"widget\" data-settings=\"{&quot;classic_columns&quot;:&quot;4&quot;,&quot;classic_columns_tablet&quot;:&quot;2&quot;,&quot;classic_columns_mobile&quot;:&quot;1&quot;,&quot;classic_row_gap&quot;:{&quot;unit&quot;:&quot;px&quot;,&quot;size&quot;:35,&quot;sizes&quot;:[]},&quot;classic_row_gap_tablet&quot;:{&quot;unit&quot;:&quot;px&quot;,&quot;size&quot;:&quot;&quot;,&quot;sizes&quot;:[]},&quot;classic_row_gap_mobile&quot;:{&quot;unit&quot;:&quot;px&quot;,&quot;size&quot;:&quot;&quot;,&quot;sizes&quot;:[]}}\" data-widget_type=\"posts.classic\">\n\t\t\t\t<div class=\"elementor-widget-container\">\n\t\t\t\t\t\t\t<div class=\"elementor-posts-container elementor-posts elementor-posts--skin-classic elementor-grid\" role=\"list\">\n\t\t\t\t<article class=\"elementor-post elementor-grid-item post-2132 producto type-producto status-publish has-post-thumbnail hentry categoria-producto-portes-coulissantes-refrigerateurs categoria-producto-portes-regrigerees\" role=\"listitem\">\n\t\t\t\t<a class=\"elementor-post__thumbnail__link\" href=\"https:\/\/isotermica.net\/fr\/produit\/porte-coulissante-refrigeree-mod-ipa-industrial\/\" tabindex=\"-1\" >\n\t\t\t<div class=\"elementor-post__thumbnail\"><img fetchpriority=\"high\" decoding=\"async\" width=\"1468\" height=\"1468\" src=\"https:\/\/isotermica.net\/wp-content\/uploads\/2023\/08\/PUERTA-CORREDERA-FRIGORIFICA-MODELA-IPA.jpg\" class=\"attachment-full size-full wp-image-2141\" alt=\"\" srcset=\"https:\/\/isotermica.net\/wp-content\/uploads\/2023\/08\/PUERTA-CORREDERA-FRIGORIFICA-MODELA-IPA.jpg 1468w, https:\/\/isotermica.net\/wp-content\/uploads\/2023\/08\/PUERTA-CORREDERA-FRIGORIFICA-MODELA-IPA-300x300.jpg 300w, https:\/\/isotermica.net\/wp-content\/uploads\/2023\/08\/PUERTA-CORREDERA-FRIGORIFICA-MODELA-IPA-1024x1024.jpg 1024w, https:\/\/isotermica.net\/wp-content\/uploads\/2023\/08\/PUERTA-CORREDERA-FRIGORIFICA-MODELA-IPA-150x150.jpg 150w, https:\/\/isotermica.net\/wp-content\/uploads\/2023\/08\/PUERTA-CORREDERA-FRIGORIFICA-MODELA-IPA-768x768.jpg 768w\" sizes=\"(max-width: 1468px) 100vw, 1468px\" \/><\/div>\n\t\t<\/a>\n\t\t\t\t<div class=\"elementor-post__text\">\n\t\t\t\t<h3 class=\"elementor-post__title\">\n\t\t\t<a href=\"https:\/\/isotermica.net\/fr\/produit\/porte-coulissante-refrigeree-mod-ipa-industrial\/\" >\n\t\t\t\tPorte coulissante r\u00e9frig\u00e9r\u00e9e Mod. IPA INDUSTRIAL\t\t\t<\/a>\n\t\t<\/h3>\n\t\t\n\t\t<a class=\"elementor-post__read-more\" href=\"https:\/\/isotermica.net\/fr\/produit\/porte-coulissante-refrigeree-mod-ipa-industrial\/\" aria-label=\"En savoir plus sur Porte coulissante r\u00e9frig\u00e9r\u00e9e Mod. IPA INDUSTRIAL\" tabindex=\"-1\" >\n\t\t\tPLUS &gt;\t\t<\/a>\n\n\t\t\t\t<\/div>\n\t\t\t\t<\/article>\n\t\t\t\t<article class=\"elementor-post elementor-grid-item post-2168 producto type-producto status-publish has-post-thumbnail hentry categoria-producto-portes-coulissantes-refrigerateurs categoria-producto-portes-regrigerees\" role=\"listitem\">\n\t\t\t\t<a class=\"elementor-post__thumbnail__link\" href=\"https:\/\/isotermica.net\/fr\/produit\/porte-coulissante-refrigeree-mod-ipf-industrial\/\" tabindex=\"-1\" >\n\t\t\t<div class=\"elementor-post__thumbnail\"><img decoding=\"async\" width=\"1448\" height=\"1449\" src=\"https:\/\/isotermica.net\/wp-content\/uploads\/2023\/08\/PUERTA-CORREDERA-FRIGORIFICA-INDUSTRIAL-MODELO-IPF.jpg\" class=\"attachment-full size-full wp-image-2176\" alt=\"\" srcset=\"https:\/\/isotermica.net\/wp-content\/uploads\/2023\/08\/PUERTA-CORREDERA-FRIGORIFICA-INDUSTRIAL-MODELO-IPF.jpg 1448w, https:\/\/isotermica.net\/wp-content\/uploads\/2023\/08\/PUERTA-CORREDERA-FRIGORIFICA-INDUSTRIAL-MODELO-IPF-300x300.jpg 300w, https:\/\/isotermica.net\/wp-content\/uploads\/2023\/08\/PUERTA-CORREDERA-FRIGORIFICA-INDUSTRIAL-MODELO-IPF-1024x1024.jpg 1024w, https:\/\/isotermica.net\/wp-content\/uploads\/2023\/08\/PUERTA-CORREDERA-FRIGORIFICA-INDUSTRIAL-MODELO-IPF-150x150.jpg 150w, https:\/\/isotermica.net\/wp-content\/uploads\/2023\/08\/PUERTA-CORREDERA-FRIGORIFICA-INDUSTRIAL-MODELO-IPF-768x769.jpg 768w\" sizes=\"(max-width: 1448px) 100vw, 1448px\" \/><\/div>\n\t\t<\/a>\n\t\t\t\t<div class=\"elementor-post__text\">\n\t\t\t\t<h3 class=\"elementor-post__title\">\n\t\t\t<a href=\"https:\/\/isotermica.net\/fr\/produit\/porte-coulissante-refrigeree-mod-ipf-industrial\/\" >\n\t\t\t\tPorte coulissante r\u00e9frig\u00e9r\u00e9e Mod. IPF INDUSTRIAL\t\t\t<\/a>\n\t\t<\/h3>\n\t\t\n\t\t<a class=\"elementor-post__read-more\" href=\"https:\/\/isotermica.net\/fr\/produit\/porte-coulissante-refrigeree-mod-ipf-industrial\/\" aria-label=\"En savoir plus sur Porte coulissante r\u00e9frig\u00e9r\u00e9e Mod. IPF INDUSTRIAL\" tabindex=\"-1\" >\n\t\t\tPLUS &gt;\t\t<\/a>\n\n\t\t\t\t<\/div>\n\t\t\t\t<\/article>\n\t\t\t\t<article class=\"elementor-post elementor-grid-item post-2199 producto type-producto status-publish has-post-thumbnail hentry categoria-producto-portes-coulissantes-refrigerateurs categoria-producto-portes-regrigerees\" role=\"listitem\">\n\t\t\t\t<a class=\"elementor-post__thumbnail__link\" href=\"https:\/\/isotermica.net\/fr\/produit\/porte-coulissante-refrigeree-mod-ipc-comercial\/\" tabindex=\"-1\" >\n\t\t\t<div class=\"elementor-post__thumbnail\"><img decoding=\"async\" width=\"1500\" height=\"1500\" src=\"https:\/\/isotermica.net\/wp-content\/uploads\/2023\/08\/IPC-portada-3.jpg\" class=\"attachment-full size-full wp-image-2212\" alt=\"\" srcset=\"https:\/\/isotermica.net\/wp-content\/uploads\/2023\/08\/IPC-portada-3.jpg 1500w, https:\/\/isotermica.net\/wp-content\/uploads\/2023\/08\/IPC-portada-3-300x300.jpg 300w, https:\/\/isotermica.net\/wp-content\/uploads\/2023\/08\/IPC-portada-3-1024x1024.jpg 1024w, https:\/\/isotermica.net\/wp-content\/uploads\/2023\/08\/IPC-portada-3-150x150.jpg 150w, https:\/\/isotermica.net\/wp-content\/uploads\/2023\/08\/IPC-portada-3-768x768.jpg 768w\" sizes=\"(max-width: 1500px) 100vw, 1500px\" \/><\/div>\n\t\t<\/a>\n\t\t\t\t<div class=\"elementor-post__text\">\n\t\t\t\t<h3 class=\"elementor-post__title\">\n\t\t\t<a href=\"https:\/\/isotermica.net\/fr\/produit\/porte-coulissante-refrigeree-mod-ipc-comercial\/\" >\n\t\t\t\tPorte coulissante r\u00e9frig\u00e9r\u00e9e Mod. IPC COMERCIAL\t\t\t<\/a>\n\t\t<\/h3>\n\t\t\n\t\t<a class=\"elementor-post__read-more\" href=\"https:\/\/isotermica.net\/fr\/produit\/porte-coulissante-refrigeree-mod-ipc-comercial\/\" aria-label=\"En savoir plus sur Porte coulissante r\u00e9frig\u00e9r\u00e9e Mod. IPC COMERCIAL\" tabindex=\"-1\" >\n\t\t\tPLUS &gt;\t\t<\/a>\n\n\t\t\t\t<\/div>\n\t\t\t\t<\/article>\n\t\t\t\t<article class=\"elementor-post elementor-grid-item post-2151 producto type-producto status-publish has-post-thumbnail hentry categoria-producto-portes-coulissantes-refrigerateurs categoria-producto-portes-regrigerees\" role=\"listitem\">\n\t\t\t\t<a class=\"elementor-post__thumbnail__link\" href=\"https:\/\/isotermica.net\/fr\/produit\/porte-a-atmosphere-controlee-mod-ipac\/\" tabindex=\"-1\" >\n\t\t\t<div class=\"elementor-post__thumbnail\"><img loading=\"lazy\" decoding=\"async\" width=\"882\" height=\"883\" src=\"https:\/\/isotermica.net\/wp-content\/uploads\/2023\/08\/portada-iPAC.jpg\" class=\"attachment-full size-full wp-image-2159\" alt=\"\" srcset=\"https:\/\/isotermica.net\/wp-content\/uploads\/2023\/08\/portada-iPAC.jpg 882w, https:\/\/isotermica.net\/wp-content\/uploads\/2023\/08\/portada-iPAC-300x300.jpg 300w, https:\/\/isotermica.net\/wp-content\/uploads\/2023\/08\/portada-iPAC-150x150.jpg 150w, https:\/\/isotermica.net\/wp-content\/uploads\/2023\/08\/portada-iPAC-768x769.jpg 768w\" sizes=\"(max-width: 882px) 100vw, 882px\" \/><\/div>\n\t\t<\/a>\n\t\t\t\t<div class=\"elementor-post__text\">\n\t\t\t\t<h3 class=\"elementor-post__title\">\n\t\t\t<a href=\"https:\/\/isotermica.net\/fr\/produit\/porte-a-atmosphere-controlee-mod-ipac\/\" >\n\t\t\t\tPorte \u00e0 atmosph\u00e8re contr\u00f4l\u00e9e Mod. IPAC\t\t\t<\/a>\n\t\t<\/h3>\n\t\t\n\t\t<a class=\"elementor-post__read-more\" href=\"https:\/\/isotermica.net\/fr\/produit\/porte-a-atmosphere-controlee-mod-ipac\/\" aria-label=\"En savoir plus sur Porte \u00e0 atmosph\u00e8re contr\u00f4l\u00e9e Mod. IPAC\" tabindex=\"-1\" >\n\t\t\tPLUS &gt;\t\t<\/a>\n\n\t\t\t\t<\/div>\n\t\t\t\t<\/article>\n\t\t\t\t<article class=\"elementor-post elementor-grid-item post-2182 producto type-producto status-publish has-post-thumbnail hentry categoria-producto-portes-coulissantes-refrigerateurs categoria-producto-portes-regrigerees\" role=\"listitem\">\n\t\t\t\t<a class=\"elementor-post__thumbnail__link\" href=\"https:\/\/isotermica.net\/fr\/produit\/porte-coulissante-refrigeree-mod-iau\/\" tabindex=\"-1\" >\n\t\t\t<div class=\"elementor-post__thumbnail\"><img loading=\"lazy\" decoding=\"async\" width=\"503\" height=\"503\" src=\"https:\/\/isotermica.net\/wp-content\/uploads\/2023\/10\/IAU-portada.jpg\" class=\"attachment-full size-full wp-image-2185\" alt=\"\" srcset=\"https:\/\/isotermica.net\/wp-content\/uploads\/2023\/10\/IAU-portada.jpg 503w, https:\/\/isotermica.net\/wp-content\/uploads\/2023\/10\/IAU-portada-300x300.jpg 300w, https:\/\/isotermica.net\/wp-content\/uploads\/2023\/10\/IAU-portada-150x150.jpg 150w\" sizes=\"(max-width: 503px) 100vw, 503px\" \/><\/div>\n\t\t<\/a>\n\t\t\t\t<div class=\"elementor-post__text\">\n\t\t\t\t<h3 class=\"elementor-post__title\">\n\t\t\t<a href=\"https:\/\/isotermica.net\/fr\/produit\/porte-coulissante-refrigeree-mod-iau\/\" >\n\t\t\t\tPorte coulissante r\u00e9frig\u00e9r\u00e9e Mod. IAU\t\t\t<\/a>\n\t\t<\/h3>\n\t\t\n\t\t<a class=\"elementor-post__read-more\" href=\"https:\/\/isotermica.net\/fr\/produit\/porte-coulissante-refrigeree-mod-iau\/\" aria-label=\"En savoir plus sur Porte coulissante r\u00e9frig\u00e9r\u00e9e Mod. IAU\" tabindex=\"-1\" >\n\t\t\tPLUS &gt;\t\t<\/a>\n\n\t\t\t\t<\/div>\n\t\t\t\t<\/article>\n\t\t\t\t<\/div>\n\t\t\n\t\t\t\t\t\t<\/div>\n\t\t\t\t<\/div>\n\t\t\t\t<\/div>\n\t\t\t\t\t<\/div>\n\t\t\t\t<\/div>\n\t\t<div class=\"elementor-element elementor-element-b1e7225 e-flex e-con-boxed e-con e-parent\" data-id=\"b1e7225\" data-element_type=\"container\" data-e-type=\"container\" data-settings=\"{&quot;background_background&quot;:&quot;classic&quot;}\">\n\t\t\t\t\t<div class=\"e-con-inner\">\n\t\t<div class=\"elementor-element elementor-element-f35dfc6 e-con-full e-flex e-con e-child\" data-id=\"f35dfc6\" data-element_type=\"container\" data-e-type=\"container\">\n\t\t<div class=\"elementor-element elementor-element-d4480aa e-con-full e-flex e-con e-child\" data-id=\"d4480aa\" data-element_type=\"container\" data-e-type=\"container\" data-settings=\"{&quot;background_background&quot;:&quot;classic&quot;}\">\n\t\t\t\t<div class=\"elementor-element elementor-element-44bd6aa elementor-widget elementor-widget-heading\" data-id=\"44bd6aa\" data-element_type=\"widget\" data-e-type=\"widget\" data-widget_type=\"heading.default\">\n\t\t\t\t<div class=\"elementor-widget-container\">\n\t\t\t\t\t<h2 class=\"elementor-heading-title elementor-size-default\">Portes \u00e0 charni\u00e8res du r\u00e9frig\u00e9rateur<\/h2>\t\t\t\t<\/div>\n\t\t\t\t<\/div>\n\t\t\t\t<div class=\"elementor-element elementor-element-f82600d elementor-widget elementor-widget-text-editor\" data-id=\"f82600d\" data-element_type=\"widget\" data-e-type=\"widget\" data-widget_type=\"text-editor.default\">\n\t\t\t\t<div class=\"elementor-widget-container\">\n\t\t\t\t\t\t\t\t\t<p style=\"text-align: left;\">Portes \u00e0 ouverture par pouss\u00e9e, poign\u00e9e ou traction. R\u00e9sistant aux produits chimiques, aux rayures et \u00e0 l&rsquo;humidit\u00e9.<\/p>\n\t\t\t\t\t\t\t\t<\/div>\n\t\t\t\t<\/div>\n\t\t\t\t<div class=\"elementor-element elementor-element-0eac927 elementor-absolute elementor-widget elementor-widget-heading\" data-id=\"0eac927\" data-element_type=\"widget\" data-e-type=\"widget\" data-settings=\"{&quot;_position&quot;:&quot;absolute&quot;}\" data-widget_type=\"heading.default\">\n\t\t\t\t<div class=\"elementor-widget-container\">\n\t\t\t\t\t<h3 class=\"elementor-heading-title elementor-size-default\">2<\/h3>\t\t\t\t<\/div>\n\t\t\t\t<\/div>\n\t\t\t\t<\/div>\n\t\t\t\t<\/div>\n\t\t<div class=\"elementor-element elementor-element-bf6c4f0 e-con-full e-flex e-con e-child\" data-id=\"bf6c4f0\" data-element_type=\"container\" data-e-type=\"container\">\n\t\t\t\t<div class=\"elementor-element elementor-element-adae6d5 elementor-grid-4 elementor-posts--align-left elementor-grid-tablet-2 elementor-grid-mobile-1 elementor-posts--thumbnail-top elementor-widget elementor-widget-posts\" data-id=\"adae6d5\" data-element_type=\"widget\" data-e-type=\"widget\" data-settings=\"{&quot;classic_columns&quot;:&quot;4&quot;,&quot;classic_columns_tablet&quot;:&quot;2&quot;,&quot;classic_columns_mobile&quot;:&quot;1&quot;,&quot;classic_row_gap&quot;:{&quot;unit&quot;:&quot;px&quot;,&quot;size&quot;:35,&quot;sizes&quot;:[]},&quot;classic_row_gap_tablet&quot;:{&quot;unit&quot;:&quot;px&quot;,&quot;size&quot;:&quot;&quot;,&quot;sizes&quot;:[]},&quot;classic_row_gap_mobile&quot;:{&quot;unit&quot;:&quot;px&quot;,&quot;size&quot;:&quot;&quot;,&quot;sizes&quot;:[]}}\" data-widget_type=\"posts.classic\">\n\t\t\t\t<div class=\"elementor-widget-container\">\n\t\t\t\t\t\t\t<div class=\"elementor-posts-container elementor-posts elementor-posts--skin-classic elementor-grid\" role=\"list\">\n\t\t\t\t<article class=\"elementor-post elementor-grid-item post-2213 producto type-producto status-publish has-post-thumbnail hentry categoria-producto-portes-pivotantes-frigorifiques categoria-producto-portes-regrigerees\" role=\"listitem\">\n\t\t\t\t<a class=\"elementor-post__thumbnail__link\" href=\"https:\/\/isotermica.net\/fr\/produit\/porte-frigorifique-pivotante-mod-ipv-industrial\/\" tabindex=\"-1\" >\n\t\t\t<div class=\"elementor-post__thumbnail\"><img loading=\"lazy\" decoding=\"async\" width=\"768\" height=\"768\" src=\"https:\/\/isotermica.net\/wp-content\/uploads\/2023\/08\/PUERTA-PIVOTANTE-FRIGORIFICA-00009-768x768.jpg\" class=\"attachment-medium_large size-medium_large wp-image-2219\" alt=\"\" srcset=\"https:\/\/isotermica.net\/wp-content\/uploads\/2023\/08\/PUERTA-PIVOTANTE-FRIGORIFICA-00009-768x768.jpg 768w, https:\/\/isotermica.net\/wp-content\/uploads\/2023\/08\/PUERTA-PIVOTANTE-FRIGORIFICA-00009-300x300.jpg 300w, https:\/\/isotermica.net\/wp-content\/uploads\/2023\/08\/PUERTA-PIVOTANTE-FRIGORIFICA-00009-1024x1024.jpg 1024w, https:\/\/isotermica.net\/wp-content\/uploads\/2023\/08\/PUERTA-PIVOTANTE-FRIGORIFICA-00009-150x150.jpg 150w, https:\/\/isotermica.net\/wp-content\/uploads\/2023\/08\/PUERTA-PIVOTANTE-FRIGORIFICA-00009-1536x1536.jpg 1536w, https:\/\/isotermica.net\/wp-content\/uploads\/2023\/08\/PUERTA-PIVOTANTE-FRIGORIFICA-00009-2048x2048.jpg 2048w\" sizes=\"(max-width: 768px) 100vw, 768px\" \/><\/div>\n\t\t<\/a>\n\t\t\t\t<div class=\"elementor-post__text\">\n\t\t\t\t<h3 class=\"elementor-post__title\">\n\t\t\t<a href=\"https:\/\/isotermica.net\/fr\/produit\/porte-frigorifique-pivotante-mod-ipv-industrial\/\" >\n\t\t\t\tPorte frigorifique pivotante Mod. IPV INDUSTRIAL\t\t\t<\/a>\n\t\t<\/h3>\n\t\t\n\t\t<a class=\"elementor-post__read-more\" href=\"https:\/\/isotermica.net\/fr\/produit\/porte-frigorifique-pivotante-mod-ipv-industrial\/\" aria-label=\"En savoir plus sur Porte frigorifique pivotante Mod. IPV INDUSTRIAL\" tabindex=\"-1\" >\n\t\t\tPLUS &gt;\t\t<\/a>\n\n\t\t\t\t<\/div>\n\t\t\t\t<\/article>\n\t\t\t\t<article class=\"elementor-post elementor-grid-item post-2248 producto type-producto status-publish has-post-thumbnail hentry categoria-producto-portes-pivotantes-frigorifiques categoria-producto-portes-regrigerees\" role=\"listitem\">\n\t\t\t\t<a class=\"elementor-post__thumbnail__link\" href=\"https:\/\/isotermica.net\/fr\/produit\/porte-refrigerante-pivotante-mod-ipv-commercial\/\" tabindex=\"-1\" >\n\t\t\t<div class=\"elementor-post__thumbnail\"><img loading=\"lazy\" decoding=\"async\" width=\"768\" height=\"768\" src=\"https:\/\/isotermica.net\/wp-content\/uploads\/2023\/08\/PUERTA-PIVOTANTE-FRIGORIFICA-00008-768x768.jpg\" class=\"attachment-medium_large size-medium_large wp-image-2257\" alt=\"\" srcset=\"https:\/\/isotermica.net\/wp-content\/uploads\/2023\/08\/PUERTA-PIVOTANTE-FRIGORIFICA-00008-768x768.jpg 768w, https:\/\/isotermica.net\/wp-content\/uploads\/2023\/08\/PUERTA-PIVOTANTE-FRIGORIFICA-00008-300x300.jpg 300w, https:\/\/isotermica.net\/wp-content\/uploads\/2023\/08\/PUERTA-PIVOTANTE-FRIGORIFICA-00008-1024x1024.jpg 1024w, https:\/\/isotermica.net\/wp-content\/uploads\/2023\/08\/PUERTA-PIVOTANTE-FRIGORIFICA-00008-150x150.jpg 150w, https:\/\/isotermica.net\/wp-content\/uploads\/2023\/08\/PUERTA-PIVOTANTE-FRIGORIFICA-00008-1536x1536.jpg 1536w, https:\/\/isotermica.net\/wp-content\/uploads\/2023\/08\/PUERTA-PIVOTANTE-FRIGORIFICA-00008-2048x2048.jpg 2048w\" sizes=\"(max-width: 768px) 100vw, 768px\" \/><\/div>\n\t\t<\/a>\n\t\t\t\t<div class=\"elementor-post__text\">\n\t\t\t\t<h3 class=\"elementor-post__title\">\n\t\t\t<a href=\"https:\/\/isotermica.net\/fr\/produit\/porte-refrigerante-pivotante-mod-ipv-commercial\/\" >\n\t\t\t\tPorte r\u00e9frig\u00e9rante pivotante Mod. IPV COMMERCIAL\t\t\t<\/a>\n\t\t<\/h3>\n\t\t\n\t\t<a class=\"elementor-post__read-more\" href=\"https:\/\/isotermica.net\/fr\/produit\/porte-refrigerante-pivotante-mod-ipv-commercial\/\" aria-label=\"En savoir plus sur Porte r\u00e9frig\u00e9rante pivotante Mod. IPV COMMERCIAL\" tabindex=\"-1\" >\n\t\t\tPLUS &gt;\t\t<\/a>\n\n\t\t\t\t<\/div>\n\t\t\t\t<\/article>\n\t\t\t\t<\/div>\n\t\t\n\t\t\t\t\t\t<\/div>\n\t\t\t\t<\/div>\n\t\t\t\t<\/div>\n\t\t\t\t\t<\/div>\n\t\t\t\t<\/div>\n\t\t<div class=\"elementor-element elementor-element-78e83df e-flex e-con-boxed e-con e-parent\" data-id=\"78e83df\" data-element_type=\"container\" data-e-type=\"container\" data-settings=\"{&quot;background_background&quot;:&quot;classic&quot;}\">\n\t\t\t\t\t<div class=\"e-con-inner\">\n\t\t<div class=\"elementor-element elementor-element-d5dffef e-con-full e-flex e-con e-child\" data-id=\"d5dffef\" data-element_type=\"container\" data-e-type=\"container\" data-settings=\"{&quot;background_background&quot;:&quot;classic&quot;}\">\n\t\t\t\t<div class=\"elementor-element elementor-element-1e62056 elementor-widget elementor-widget-heading\" data-id=\"1e62056\" data-element_type=\"widget\" data-e-type=\"widget\" data-widget_type=\"heading.default\">\n\t\t\t\t<div class=\"elementor-widget-container\">\n\t\t\t\t\t<h2 class=\"elementor-heading-title elementor-size-default\">Portes de s\u00e9paration<\/h2>\t\t\t\t<\/div>\n\t\t\t\t<\/div>\n\t\t\t\t<div class=\"elementor-element elementor-element-5eb161f elementor-widget elementor-widget-text-editor\" data-id=\"5eb161f\" data-element_type=\"widget\" data-e-type=\"widget\" data-widget_type=\"text-editor.default\">\n\t\t\t\t<div class=\"elementor-widget-container\">\n\t\t\t\t\t\t\t\t\t<p style=\"text-align: left;\">Solution pour sectoriser les espaces et fermer les courants d&rsquo;air.<\/p>\n\t\t\t\t\t\t\t\t<\/div>\n\t\t\t\t<\/div>\n\t\t\t\t<div class=\"elementor-element elementor-element-8840841 elementor-absolute elementor-widget elementor-widget-heading\" data-id=\"8840841\" data-element_type=\"widget\" data-e-type=\"widget\" data-settings=\"{&quot;_position&quot;:&quot;absolute&quot;}\" data-widget_type=\"heading.default\">\n\t\t\t\t<div class=\"elementor-widget-container\">\n\t\t\t\t\t<h3 class=\"elementor-heading-title elementor-size-default\">3<\/h3>\t\t\t\t<\/div>\n\t\t\t\t<\/div>\n\t\t\t\t<\/div>\n\t\t<div class=\"elementor-element elementor-element-5bb680a e-con-full e-flex e-con e-child\" data-id=\"5bb680a\" data-element_type=\"container\" data-e-type=\"container\">\n\t\t\t\t<div class=\"elementor-element elementor-element-8cf9db9 elementor-grid-4 elementor-posts--align-left elementor-grid-tablet-2 elementor-grid-mobile-1 elementor-posts--thumbnail-top elementor-widget elementor-widget-posts\" data-id=\"8cf9db9\" data-element_type=\"widget\" data-e-type=\"widget\" data-settings=\"{&quot;classic_columns&quot;:&quot;4&quot;,&quot;classic_columns_tablet&quot;:&quot;2&quot;,&quot;classic_columns_mobile&quot;:&quot;1&quot;,&quot;classic_row_gap&quot;:{&quot;unit&quot;:&quot;px&quot;,&quot;size&quot;:35,&quot;sizes&quot;:[]},&quot;classic_row_gap_tablet&quot;:{&quot;unit&quot;:&quot;px&quot;,&quot;size&quot;:&quot;&quot;,&quot;sizes&quot;:[]},&quot;classic_row_gap_mobile&quot;:{&quot;unit&quot;:&quot;px&quot;,&quot;size&quot;:&quot;&quot;,&quot;sizes&quot;:[]}}\" data-widget_type=\"posts.classic\">\n\t\t\t\t<div class=\"elementor-widget-container\">\n\t\t\t\t\t\t\t<div class=\"elementor-posts-container elementor-posts elementor-posts--skin-classic elementor-grid\" role=\"list\">\n\t\t\t\t<article class=\"elementor-post elementor-grid-item post-2290 producto type-producto status-publish has-post-thumbnail hentry categoria-producto-portes-de-separation-de-pieces\" role=\"listitem\">\n\t\t\t\t<a class=\"elementor-post__thumbnail__link\" href=\"https:\/\/isotermica.net\/fr\/produit\/porte-rigide-a-charnieres-mod-ipb-40\/\" tabindex=\"-1\" >\n\t\t\t<div class=\"elementor-post__thumbnail\"><img loading=\"lazy\" decoding=\"async\" width=\"768\" height=\"839\" src=\"https:\/\/isotermica.net\/wp-content\/uploads\/2023\/08\/portada-PUERTA-BATIENTE-IPB40-00003-768x839.jpg\" class=\"attachment-medium_large size-medium_large wp-image-2292\" alt=\"\" srcset=\"https:\/\/isotermica.net\/wp-content\/uploads\/2023\/08\/portada-PUERTA-BATIENTE-IPB40-00003-768x839.jpg 768w, https:\/\/isotermica.net\/wp-content\/uploads\/2023\/08\/portada-PUERTA-BATIENTE-IPB40-00003-275x300.jpg 275w, https:\/\/isotermica.net\/wp-content\/uploads\/2023\/08\/portada-PUERTA-BATIENTE-IPB40-00003-937x1024.jpg 937w, https:\/\/isotermica.net\/wp-content\/uploads\/2023\/08\/portada-PUERTA-BATIENTE-IPB40-00003.jpg 1398w\" sizes=\"(max-width: 768px) 100vw, 768px\" \/><\/div>\n\t\t<\/a>\n\t\t\t\t<div class=\"elementor-post__text\">\n\t\t\t\t<h3 class=\"elementor-post__title\">\n\t\t\t<a href=\"https:\/\/isotermica.net\/fr\/produit\/porte-rigide-a-charnieres-mod-ipb-40\/\" >\n\t\t\t\tPorte rigide \u00e0 charni\u00e8res. Mod. IPB 40\t\t\t<\/a>\n\t\t<\/h3>\n\t\t\n\t\t<a class=\"elementor-post__read-more\" href=\"https:\/\/isotermica.net\/fr\/produit\/porte-rigide-a-charnieres-mod-ipb-40\/\" aria-label=\"En savoir plus sur Porte rigide \u00e0 charni\u00e8res. Mod. IPB 40\" tabindex=\"-1\" >\n\t\t\tPLUS &gt;\t\t<\/a>\n\n\t\t\t\t<\/div>\n\t\t\t\t<\/article>\n\t\t\t\t<article class=\"elementor-post elementor-grid-item post-2230 producto type-producto status-publish has-post-thumbnail hentry categoria-producto-portes-de-separation-de-pieces\" role=\"listitem\">\n\t\t\t\t<a class=\"elementor-post__thumbnail__link\" href=\"https:\/\/isotermica.net\/fr\/produit\/porte-a-charniere-en-polyethylene-mod-ipb-40p\/\" tabindex=\"-1\" >\n\t\t\t<div class=\"elementor-post__thumbnail\"><img loading=\"lazy\" decoding=\"async\" width=\"768\" height=\"768\" src=\"https:\/\/isotermica.net\/wp-content\/uploads\/2023\/09\/03-PUERTAS-PARA-DIVISION-DE-SALAS-768x768.jpg\" class=\"attachment-medium_large size-medium_large wp-image-1986\" alt=\"\" srcset=\"https:\/\/isotermica.net\/wp-content\/uploads\/2023\/09\/03-PUERTAS-PARA-DIVISION-DE-SALAS-768x768.jpg 768w, https:\/\/isotermica.net\/wp-content\/uploads\/2023\/09\/03-PUERTAS-PARA-DIVISION-DE-SALAS-300x300.jpg 300w, https:\/\/isotermica.net\/wp-content\/uploads\/2023\/09\/03-PUERTAS-PARA-DIVISION-DE-SALAS-1024x1024.jpg 1024w, https:\/\/isotermica.net\/wp-content\/uploads\/2023\/09\/03-PUERTAS-PARA-DIVISION-DE-SALAS-150x150.jpg 150w, https:\/\/isotermica.net\/wp-content\/uploads\/2023\/09\/03-PUERTAS-PARA-DIVISION-DE-SALAS.jpg 1200w\" sizes=\"(max-width: 768px) 100vw, 768px\" \/><\/div>\n\t\t<\/a>\n\t\t\t\t<div class=\"elementor-post__text\">\n\t\t\t\t<h3 class=\"elementor-post__title\">\n\t\t\t<a href=\"https:\/\/isotermica.net\/fr\/produit\/porte-a-charniere-en-polyethylene-mod-ipb-40p\/\" >\n\t\t\t\tPorte \u00e0 charni\u00e8re en poly\u00e9thyl\u00e8ne. Mod. IPB 40P\t\t\t<\/a>\n\t\t<\/h3>\n\t\t\n\t\t<a class=\"elementor-post__read-more\" href=\"https:\/\/isotermica.net\/fr\/produit\/porte-a-charniere-en-polyethylene-mod-ipb-40p\/\" aria-label=\"En savoir plus sur Porte \u00e0 charni\u00e8re en poly\u00e9thyl\u00e8ne. Mod. IPB 40P\" tabindex=\"-1\" >\n\t\t\tPLUS &gt;\t\t<\/a>\n\n\t\t\t\t<\/div>\n\t\t\t\t<\/article>\n\t\t\t\t<article class=\"elementor-post elementor-grid-item post-2264 producto type-producto status-publish has-post-thumbnail hentry categoria-producto-portes-de-separation-de-pieces\" role=\"listitem\">\n\t\t\t\t<a class=\"elementor-post__thumbnail__link\" href=\"https:\/\/isotermica.net\/fr\/produit\/porte-coulissante-pour-pietons-mod-ips-60\/\" tabindex=\"-1\" >\n\t\t\t<div class=\"elementor-post__thumbnail\"><img loading=\"lazy\" decoding=\"async\" width=\"768\" height=\"768\" src=\"https:\/\/isotermica.net\/wp-content\/uploads\/2023\/08\/portada-PUERTA-CORREDERA-DE-SERVICIO-IPS60-00003-768x768.jpg\" class=\"attachment-medium_large size-medium_large wp-image-2267\" alt=\"\" srcset=\"https:\/\/isotermica.net\/wp-content\/uploads\/2023\/08\/portada-PUERTA-CORREDERA-DE-SERVICIO-IPS60-00003-768x768.jpg 768w, https:\/\/isotermica.net\/wp-content\/uploads\/2023\/08\/portada-PUERTA-CORREDERA-DE-SERVICIO-IPS60-00003-300x300.jpg 300w, https:\/\/isotermica.net\/wp-content\/uploads\/2023\/08\/portada-PUERTA-CORREDERA-DE-SERVICIO-IPS60-00003-1024x1024.jpg 1024w, https:\/\/isotermica.net\/wp-content\/uploads\/2023\/08\/portada-PUERTA-CORREDERA-DE-SERVICIO-IPS60-00003-150x150.jpg 150w, https:\/\/isotermica.net\/wp-content\/uploads\/2023\/08\/portada-PUERTA-CORREDERA-DE-SERVICIO-IPS60-00003.jpg 1036w\" sizes=\"(max-width: 768px) 100vw, 768px\" \/><\/div>\n\t\t<\/a>\n\t\t\t\t<div class=\"elementor-post__text\">\n\t\t\t\t<h3 class=\"elementor-post__title\">\n\t\t\t<a href=\"https:\/\/isotermica.net\/fr\/produit\/porte-coulissante-pour-pietons-mod-ips-60\/\" >\n\t\t\t\tPorte coulissante pour pi\u00e9tons. Mod. IPS 60\t\t\t<\/a>\n\t\t<\/h3>\n\t\t\n\t\t<a class=\"elementor-post__read-more\" href=\"https:\/\/isotermica.net\/fr\/produit\/porte-coulissante-pour-pietons-mod-ips-60\/\" aria-label=\"En savoir plus sur Porte coulissante pour pi\u00e9tons. Mod. IPS 60\" tabindex=\"-1\" >\n\t\t\tPLUS &gt;\t\t<\/a>\n\n\t\t\t\t<\/div>\n\t\t\t\t<\/article>\n\t\t\t\t<article class=\"elementor-post elementor-grid-item post-2298 producto type-producto status-publish has-post-thumbnail hentry categoria-producto-portes-de-separation-de-pieces\" role=\"listitem\">\n\t\t\t\t<a class=\"elementor-post__thumbnail__link\" href=\"https:\/\/isotermica.net\/fr\/produit\/portail-pivotant-pour-pietons-mod-ipp-40\/\" tabindex=\"-1\" >\n\t\t\t<div class=\"elementor-post__thumbnail\"><img loading=\"lazy\" decoding=\"async\" width=\"768\" height=\"768\" src=\"https:\/\/isotermica.net\/wp-content\/uploads\/2023\/08\/portada-PUERTAS-PEATONAL-IPP40-00011-768x768.jpg\" class=\"attachment-medium_large size-medium_large wp-image-2304\" alt=\"\" srcset=\"https:\/\/isotermica.net\/wp-content\/uploads\/2023\/08\/portada-PUERTAS-PEATONAL-IPP40-00011-768x768.jpg 768w, https:\/\/isotermica.net\/wp-content\/uploads\/2023\/08\/portada-PUERTAS-PEATONAL-IPP40-00011-300x300.jpg 300w, https:\/\/isotermica.net\/wp-content\/uploads\/2023\/08\/portada-PUERTAS-PEATONAL-IPP40-00011-1024x1024.jpg 1024w, https:\/\/isotermica.net\/wp-content\/uploads\/2023\/08\/portada-PUERTAS-PEATONAL-IPP40-00011-150x150.jpg 150w, https:\/\/isotermica.net\/wp-content\/uploads\/2023\/08\/portada-PUERTAS-PEATONAL-IPP40-00011-1536x1536.jpg 1536w, https:\/\/isotermica.net\/wp-content\/uploads\/2023\/08\/portada-PUERTAS-PEATONAL-IPP40-00011.jpg 1984w\" sizes=\"(max-width: 768px) 100vw, 768px\" \/><\/div>\n\t\t<\/a>\n\t\t\t\t<div class=\"elementor-post__text\">\n\t\t\t\t<h3 class=\"elementor-post__title\">\n\t\t\t<a href=\"https:\/\/isotermica.net\/fr\/produit\/portail-pivotant-pour-pietons-mod-ipp-40\/\" >\n\t\t\t\tPortail pivotant pour pi\u00e9tons Mod. IPP 40\t\t\t<\/a>\n\t\t<\/h3>\n\t\t\n\t\t<a class=\"elementor-post__read-more\" href=\"https:\/\/isotermica.net\/fr\/produit\/portail-pivotant-pour-pietons-mod-ipp-40\/\" aria-label=\"En savoir plus sur Portail pivotant pour pi\u00e9tons Mod. IPP 40\" tabindex=\"-1\" >\n\t\t\tPLUS &gt;\t\t<\/a>\n\n\t\t\t\t<\/div>\n\t\t\t\t<\/article>\n\t\t\t\t<article class=\"elementor-post elementor-grid-item post-2330 producto type-producto status-publish has-post-thumbnail hentry categoria-producto-portes-de-separation-de-pieces\" role=\"listitem\">\n\t\t\t\t<a class=\"elementor-post__thumbnail__link\" href=\"https:\/\/isotermica.net\/fr\/produit\/rideaux-a-lamelles-mod-icl\/\" tabindex=\"-1\" >\n\t\t\t<div class=\"elementor-post__thumbnail\"><img loading=\"lazy\" decoding=\"async\" width=\"768\" height=\"768\" src=\"https:\/\/isotermica.net\/wp-content\/uploads\/2023\/08\/portada-CORTINA-DE-LAMA-ICL-768x768.jpg\" class=\"attachment-medium_large size-medium_large wp-image-2335\" alt=\"\" srcset=\"https:\/\/isotermica.net\/wp-content\/uploads\/2023\/08\/portada-CORTINA-DE-LAMA-ICL-768x768.jpg 768w, https:\/\/isotermica.net\/wp-content\/uploads\/2023\/08\/portada-CORTINA-DE-LAMA-ICL-300x300.jpg 300w, https:\/\/isotermica.net\/wp-content\/uploads\/2023\/08\/portada-CORTINA-DE-LAMA-ICL-1024x1024.jpg 1024w, https:\/\/isotermica.net\/wp-content\/uploads\/2023\/08\/portada-CORTINA-DE-LAMA-ICL-150x150.jpg 150w, https:\/\/isotermica.net\/wp-content\/uploads\/2023\/08\/portada-CORTINA-DE-LAMA-ICL-1536x1536.jpg 1536w, https:\/\/isotermica.net\/wp-content\/uploads\/2023\/08\/portada-CORTINA-DE-LAMA-ICL-2048x2048.jpg 2048w\" sizes=\"(max-width: 768px) 100vw, 768px\" \/><\/div>\n\t\t<\/a>\n\t\t\t\t<div class=\"elementor-post__text\">\n\t\t\t\t<h3 class=\"elementor-post__title\">\n\t\t\t<a href=\"https:\/\/isotermica.net\/fr\/produit\/rideaux-a-lamelles-mod-icl\/\" >\n\t\t\t\tRideaux \u00e0 lamelles Mod. ICL\t\t\t<\/a>\n\t\t<\/h3>\n\t\t\n\t\t<a class=\"elementor-post__read-more\" href=\"https:\/\/isotermica.net\/fr\/produit\/rideaux-a-lamelles-mod-icl\/\" aria-label=\"En savoir plus sur Rideaux \u00e0 lamelles Mod. ICL\" tabindex=\"-1\" >\n\t\t\tPLUS &gt;\t\t<\/a>\n\n\t\t\t\t<\/div>\n\t\t\t\t<\/article>\n\t\t\t\t<\/div>\n\t\t\n\t\t\t\t\t\t<\/div>\n\t\t\t\t<\/div>\n\t\t\t\t<\/div>\n\t\t\t\t\t<\/div>\n\t\t\t\t<\/div>\n\t\t<div class=\"elementor-element elementor-element-dd82317 e-flex e-con-boxed e-con e-parent\" data-id=\"dd82317\" data-element_type=\"container\" data-e-type=\"container\" data-settings=\"{&quot;background_background&quot;:&quot;classic&quot;}\">\n\t\t\t\t\t<div class=\"e-con-inner\">\n\t\t<div class=\"elementor-element elementor-element-e33179f e-con-full e-flex e-con e-child\" data-id=\"e33179f\" data-element_type=\"container\" data-e-type=\"container\">\n\t\t<div class=\"elementor-element elementor-element-4ca161c e-con-full e-flex e-con e-child\" data-id=\"4ca161c\" data-element_type=\"container\" data-e-type=\"container\" data-settings=\"{&quot;background_background&quot;:&quot;classic&quot;}\">\n\t\t\t\t<div class=\"elementor-element elementor-element-bb18b35 elementor-widget elementor-widget-heading\" data-id=\"bb18b35\" data-element_type=\"widget\" data-e-type=\"widget\" data-widget_type=\"heading.default\">\n\t\t\t\t<div class=\"elementor-widget-container\">\n\t\t\t\t\t<h2 class=\"elementor-heading-title elementor-size-default\">PORTES \u00c0 ENROULEMENT RAPIDE<\/h2>\t\t\t\t<\/div>\n\t\t\t\t<\/div>\n\t\t\t\t<div class=\"elementor-element elementor-element-5461766 elementor-widget elementor-widget-text-editor\" data-id=\"5461766\" data-element_type=\"widget\" data-e-type=\"widget\" data-widget_type=\"text-editor.default\">\n\t\t\t\t<div class=\"elementor-widget-container\">\n\t\t\t\t\t\t\t\t\t<p style=\"text-align: left;\">Portails motoris\u00e9s pour les zones \u00e0 fort trafic ou pi\u00e9tonnes. Diff\u00e9rents mod\u00e8les de b\u00e2ches.<\/p>\n\t\t\t\t\t\t\t\t<\/div>\n\t\t\t\t<\/div>\n\t\t\t\t<div class=\"elementor-element elementor-element-14449ad elementor-absolute elementor-widget elementor-widget-heading\" data-id=\"14449ad\" data-element_type=\"widget\" data-e-type=\"widget\" data-settings=\"{&quot;_position&quot;:&quot;absolute&quot;}\" data-widget_type=\"heading.default\">\n\t\t\t\t<div class=\"elementor-widget-container\">\n\t\t\t\t\t<h3 class=\"elementor-heading-title elementor-size-default\">4<\/h3>\t\t\t\t<\/div>\n\t\t\t\t<\/div>\n\t\t\t\t<\/div>\n\t\t\t\t<\/div>\n\t\t<div class=\"elementor-element elementor-element-aa62372 e-con-full e-flex e-con e-child\" data-id=\"aa62372\" data-element_type=\"container\" data-e-type=\"container\">\n\t\t<div class=\"elementor-element elementor-element-c324403 e-con-full e-flex e-con e-child\" data-id=\"c324403\" data-element_type=\"container\" data-e-type=\"container\" data-settings=\"{&quot;background_background&quot;:&quot;classic&quot;}\">\n\t\t\t\t<div class=\"elementor-element elementor-element-55f100b elementor-absolute elementor-widget elementor-widget-heading\" data-id=\"55f100b\" data-element_type=\"widget\" data-e-type=\"widget\" data-settings=\"{&quot;_position&quot;:&quot;absolute&quot;}\" data-widget_type=\"heading.default\">\n\t\t\t\t<div class=\"elementor-widget-container\">\n\t\t\t\t\t<h3 class=\"elementor-heading-title elementor-size-default\">5<\/h3>\t\t\t\t<\/div>\n\t\t\t\t<\/div>\n\t\t\t\t<div class=\"elementor-element elementor-element-ff1d8a3 elementor-widget elementor-widget-heading\" data-id=\"ff1d8a3\" data-element_type=\"widget\" data-e-type=\"widget\" data-widget_type=\"heading.default\">\n\t\t\t\t<div class=\"elementor-widget-container\">\n\t\t\t\t\t<h2 class=\"elementor-heading-title elementor-size-default\">PRODUITS RAMPES ET QUAIS DE CHARGEMENT\n<\/h2>\t\t\t\t<\/div>\n\t\t\t\t<\/div>\n\t\t\t\t<\/div>\n\t\t\t\t<\/div>\n\t\t<div class=\"elementor-element elementor-element-8de1238 e-con-full e-flex e-con e-child\" data-id=\"8de1238\" data-element_type=\"container\" data-e-type=\"container\">\n\t\t\t\t<div class=\"elementor-element elementor-element-335e5c4 elementor-grid-2 elementor-posts--align-left elementor-grid-tablet-1 elementor-grid-mobile-1 elementor-posts--thumbnail-top elementor-widget elementor-widget-posts\" data-id=\"335e5c4\" data-element_type=\"widget\" data-e-type=\"widget\" data-settings=\"{&quot;classic_columns&quot;:&quot;2&quot;,&quot;classic_row_gap&quot;:{&quot;unit&quot;:&quot;px&quot;,&quot;size&quot;:&quot;&quot;,&quot;sizes&quot;:[]},&quot;classic_columns_tablet&quot;:&quot;1&quot;,&quot;classic_columns_mobile&quot;:&quot;1&quot;,&quot;classic_row_gap_tablet&quot;:{&quot;unit&quot;:&quot;px&quot;,&quot;size&quot;:&quot;&quot;,&quot;sizes&quot;:[]},&quot;classic_row_gap_mobile&quot;:{&quot;unit&quot;:&quot;px&quot;,&quot;size&quot;:&quot;&quot;,&quot;sizes&quot;:[]}}\" data-widget_type=\"posts.classic\">\n\t\t\t\t<div class=\"elementor-widget-container\">\n\t\t\t\t\t\t\t<div class=\"elementor-posts-container elementor-posts elementor-posts--skin-classic elementor-grid\" role=\"list\">\n\t\t\t\t<article class=\"elementor-post elementor-grid-item post-2351 producto type-producto status-publish has-post-thumbnail hentry categoria-producto-portes-roulantes-a-grande-vitesse\" role=\"listitem\">\n\t\t\t\t<a class=\"elementor-post__thumbnail__link\" href=\"https:\/\/isotermica.net\/fr\/produit\/porte-a-enroulement-rapide-mod-ipr\/\" tabindex=\"-1\" >\n\t\t\t<div class=\"elementor-post__thumbnail\"><img loading=\"lazy\" decoding=\"async\" width=\"1500\" height=\"1500\" src=\"https:\/\/isotermica.net\/wp-content\/uploads\/2023\/08\/isotermica-IPR-01.jpg\" class=\"attachment-full size-full wp-image-2360\" alt=\"\" srcset=\"https:\/\/isotermica.net\/wp-content\/uploads\/2023\/08\/isotermica-IPR-01.jpg 1500w, https:\/\/isotermica.net\/wp-content\/uploads\/2023\/08\/isotermica-IPR-01-300x300.jpg 300w, https:\/\/isotermica.net\/wp-content\/uploads\/2023\/08\/isotermica-IPR-01-1024x1024.jpg 1024w, https:\/\/isotermica.net\/wp-content\/uploads\/2023\/08\/isotermica-IPR-01-150x150.jpg 150w, https:\/\/isotermica.net\/wp-content\/uploads\/2023\/08\/isotermica-IPR-01-768x768.jpg 768w\" sizes=\"(max-width: 1500px) 100vw, 1500px\" \/><\/div>\n\t\t<\/a>\n\t\t\t\t<div class=\"elementor-post__text\">\n\t\t\t\t<h3 class=\"elementor-post__title\">\n\t\t\t<a href=\"https:\/\/isotermica.net\/fr\/produit\/porte-a-enroulement-rapide-mod-ipr\/\" >\n\t\t\t\tPorte \u00e0 enroulement rapide. Mod. IPR\t\t\t<\/a>\n\t\t<\/h3>\n\t\t\n\t\t<a class=\"elementor-post__read-more\" href=\"https:\/\/isotermica.net\/fr\/produit\/porte-a-enroulement-rapide-mod-ipr\/\" aria-label=\"En savoir plus sur Porte \u00e0 enroulement rapide. Mod. IPR\" tabindex=\"-1\" >\n\t\t\tPLUS &gt;\t\t<\/a>\n\n\t\t\t\t<\/div>\n\t\t\t\t<\/article>\n\t\t\t\t<\/div>\n\t\t\n\t\t\t\t\t\t<\/div>\n\t\t\t\t<\/div>\n\t\t\t\t<\/div>\n\t\t<div class=\"elementor-element elementor-element-7610daa e-con-full e-flex e-con e-child\" data-id=\"7610daa\" data-element_type=\"container\" data-e-type=\"container\">\n\t\t\t\t<div class=\"elementor-element elementor-element-daea9c7 elementor-grid-2 elementor-posts--align-left elementor-grid-tablet-1 elementor-grid-mobile-1 elementor-posts--thumbnail-top elementor-widget elementor-widget-posts\" data-id=\"daea9c7\" data-element_type=\"widget\" data-e-type=\"widget\" data-settings=\"{&quot;classic_columns&quot;:&quot;2&quot;,&quot;classic_row_gap&quot;:{&quot;unit&quot;:&quot;px&quot;,&quot;size&quot;:&quot;&quot;,&quot;sizes&quot;:[]},&quot;classic_columns_tablet&quot;:&quot;1&quot;,&quot;classic_columns_mobile&quot;:&quot;1&quot;,&quot;classic_row_gap_tablet&quot;:{&quot;unit&quot;:&quot;px&quot;,&quot;size&quot;:&quot;&quot;,&quot;sizes&quot;:[]},&quot;classic_row_gap_mobile&quot;:{&quot;unit&quot;:&quot;px&quot;,&quot;size&quot;:&quot;&quot;,&quot;sizes&quot;:[]}}\" data-widget_type=\"posts.classic\">\n\t\t\t\t<div class=\"elementor-widget-container\">\n\t\t\t\t\t\t\t<div class=\"elementor-posts-container elementor-posts elementor-posts--skin-classic elementor-grid\" role=\"list\">\n\t\t\t\t<article class=\"elementor-post elementor-grid-item post-2316 producto type-producto status-publish has-post-thumbnail hentry categoria-producto-rampes-et-quais-de-chargement\" role=\"listitem\">\n\t\t\t\t<a class=\"elementor-post__thumbnail__link\" href=\"https:\/\/isotermica.net\/fr\/produit\/rampes-et-quais-de-chargement\/\" tabindex=\"-1\" >\n\t\t\t<div class=\"elementor-post__thumbnail\"><img loading=\"lazy\" decoding=\"async\" width=\"768\" height=\"768\" src=\"https:\/\/isotermica.net\/wp-content\/uploads\/2023\/08\/portada-RampasyMuellesdeCarga-2-768x768.jpg\" class=\"attachment-medium_large size-medium_large wp-image-2327\" alt=\"\" srcset=\"https:\/\/isotermica.net\/wp-content\/uploads\/2023\/08\/portada-RampasyMuellesdeCarga-2-768x768.jpg 768w, https:\/\/isotermica.net\/wp-content\/uploads\/2023\/08\/portada-RampasyMuellesdeCarga-2-300x300.jpg 300w, https:\/\/isotermica.net\/wp-content\/uploads\/2023\/08\/portada-RampasyMuellesdeCarga-2-150x150.jpg 150w, https:\/\/isotermica.net\/wp-content\/uploads\/2023\/08\/portada-RampasyMuellesdeCarga-2.jpg 904w\" sizes=\"(max-width: 768px) 100vw, 768px\" \/><\/div>\n\t\t<\/a>\n\t\t\t\t<div class=\"elementor-post__text\">\n\t\t\t\t<h3 class=\"elementor-post__title\">\n\t\t\t<a href=\"https:\/\/isotermica.net\/fr\/produit\/rampes-et-quais-de-chargement\/\" >\n\t\t\t\tRampes et quais de chargement\t\t\t<\/a>\n\t\t<\/h3>\n\t\t\n\t\t<a class=\"elementor-post__read-more\" href=\"https:\/\/isotermica.net\/fr\/produit\/rampes-et-quais-de-chargement\/\" aria-label=\"En savoir plus sur Rampes et quais de chargement\" tabindex=\"-1\" >\n\t\t\tPLUS &gt;\t\t<\/a>\n\n\t\t\t\t<\/div>\n\t\t\t\t<\/article>\n\t\t\t\t<\/div>\n\t\t\n\t\t\t\t\t\t<\/div>\n\t\t\t\t<\/div>\n\t\t\t\t<\/div>\n\t\t\t\t\t<\/div>\n\t\t\t\t<\/div>\n\t\t<div class=\"elementor-element elementor-element-5803a14 e-flex e-con-boxed e-con e-parent\" data-id=\"5803a14\" data-element_type=\"container\" data-e-type=\"container\" data-settings=\"{&quot;background_background&quot;:&quot;classic&quot;}\">\n\t\t\t\t\t<div class=\"e-con-inner\">\n\t\t<div class=\"elementor-element elementor-element-c9f6756 e-con-full e-flex e-con e-child\" data-id=\"c9f6756\" data-element_type=\"container\" data-e-type=\"container\">\n\t\t<div class=\"elementor-element elementor-element-bcc09bf e-con-full e-flex e-con e-child\" data-id=\"bcc09bf\" data-element_type=\"container\" data-e-type=\"container\" data-settings=\"{&quot;background_background&quot;:&quot;classic&quot;}\">\n\t\t\t\t<div class=\"elementor-element elementor-element-473ecc6 elementor-widget elementor-widget-heading\" data-id=\"473ecc6\" data-element_type=\"widget\" data-e-type=\"widget\" data-widget_type=\"heading.default\">\n\t\t\t\t<div class=\"elementor-widget-container\">\n\t\t\t\t\t<h2 class=\"elementor-heading-title elementor-size-default\">FEN\u00caTRES<\/h2>\t\t\t\t<\/div>\n\t\t\t\t<\/div>\n\t\t\t\t<div class=\"elementor-element elementor-element-bd05fb2 elementor-absolute elementor-widget elementor-widget-heading\" data-id=\"bd05fb2\" data-element_type=\"widget\" data-e-type=\"widget\" data-settings=\"{&quot;_position&quot;:&quot;absolute&quot;}\" data-widget_type=\"heading.default\">\n\t\t\t\t<div class=\"elementor-widget-container\">\n\t\t\t\t\t<h3 class=\"elementor-heading-title elementor-size-default\">6<\/h3>\t\t\t\t<\/div>\n\t\t\t\t<\/div>\n\t\t\t\t<\/div>\n\t\t\t\t<div class=\"elementor-element elementor-element-1df0d3c elementor-grid-4 elementor-posts--align-left elementor-grid-tablet-2 elementor-grid-mobile-1 elementor-posts--thumbnail-top elementor-widget elementor-widget-posts\" data-id=\"1df0d3c\" data-element_type=\"widget\" data-e-type=\"widget\" data-settings=\"{&quot;classic_columns&quot;:&quot;4&quot;,&quot;classic_row_gap&quot;:{&quot;unit&quot;:&quot;px&quot;,&quot;size&quot;:&quot;&quot;,&quot;sizes&quot;:[]},&quot;classic_columns_tablet&quot;:&quot;2&quot;,&quot;classic_columns_mobile&quot;:&quot;1&quot;,&quot;classic_row_gap_tablet&quot;:{&quot;unit&quot;:&quot;px&quot;,&quot;size&quot;:&quot;&quot;,&quot;sizes&quot;:[]},&quot;classic_row_gap_mobile&quot;:{&quot;unit&quot;:&quot;px&quot;,&quot;size&quot;:&quot;&quot;,&quot;sizes&quot;:[]}}\" data-widget_type=\"posts.classic\">\n\t\t\t\t<div class=\"elementor-widget-container\">\n\t\t\t\t\t\t\t<div class=\"elementor-posts-container elementor-posts elementor-posts--skin-classic elementor-grid\" role=\"list\">\n\t\t\t\t<article class=\"elementor-post elementor-grid-item post-2340 producto type-producto status-publish has-post-thumbnail hentry categoria-producto-fenetres\" role=\"listitem\">\n\t\t\t\t<a class=\"elementor-post__thumbnail__link\" href=\"https:\/\/isotermica.net\/fr\/produit\/fenetre-fixe-mod-ivf\/\" tabindex=\"-1\" >\n\t\t\t<div class=\"elementor-post__thumbnail\"><img loading=\"lazy\" decoding=\"async\" width=\"768\" height=\"797\" src=\"https:\/\/isotermica.net\/wp-content\/uploads\/2023\/08\/IVF-ventano-768x797.jpg\" class=\"attachment-medium_large size-medium_large wp-image-1815\" alt=\"\" srcset=\"https:\/\/isotermica.net\/wp-content\/uploads\/2023\/08\/IVF-ventano-768x797.jpg 768w, https:\/\/isotermica.net\/wp-content\/uploads\/2023\/08\/IVF-ventano-289x300.jpg 289w, https:\/\/isotermica.net\/wp-content\/uploads\/2023\/08\/IVF-ventano-986x1024.jpg 986w, https:\/\/isotermica.net\/wp-content\/uploads\/2023\/08\/IVF-ventano.jpg 1200w\" sizes=\"(max-width: 768px) 100vw, 768px\" \/><\/div>\n\t\t<\/a>\n\t\t\t\t<div class=\"elementor-post__text\">\n\t\t\t\t<h3 class=\"elementor-post__title\">\n\t\t\t<a href=\"https:\/\/isotermica.net\/fr\/produit\/fenetre-fixe-mod-ivf\/\" >\n\t\t\t\tFen\u00eatre fixe Mod. IVF\t\t\t<\/a>\n\t\t<\/h3>\n\t\t\n\t\t<a class=\"elementor-post__read-more\" href=\"https:\/\/isotermica.net\/fr\/produit\/fenetre-fixe-mod-ivf\/\" aria-label=\"En savoir plus sur Fen\u00eatre fixe Mod. IVF\" tabindex=\"-1\" >\n\t\t\tPLUS &gt;\t\t<\/a>\n\n\t\t\t\t<\/div>\n\t\t\t\t<\/article>\n\t\t\t\t<\/div>\n\t\t\n\t\t\t\t\t\t<\/div>\n\t\t\t\t<\/div>\n\t\t\t\t<\/div>\n\t\t\t\t\t<\/div>\n\t\t\t\t<\/div>\n\t\t<div class=\"elementor-element elementor-element-5ea443d e-flex e-con-boxed e-con e-parent\" data-id=\"5ea443d\" data-element_type=\"container\" data-e-type=\"container\" data-settings=\"{&quot;background_background&quot;:&quot;classic&quot;}\">\n\t\t\t\t\t<div class=\"e-con-inner\">\n\t\t<div class=\"elementor-element elementor-element-28c6946 e-con-full e-flex e-con e-child\" data-id=\"28c6946\" data-element_type=\"container\" data-e-type=\"container\">\n\t\t<div class=\"elementor-element elementor-element-32deac8 e-con-full e-flex e-con e-child\" data-id=\"32deac8\" data-element_type=\"container\" data-e-type=\"container\" data-settings=\"{&quot;background_background&quot;:&quot;classic&quot;}\">\n\t\t\t\t<div class=\"elementor-element elementor-element-0197bc3 elementor-widget elementor-widget-heading\" data-id=\"0197bc3\" data-element_type=\"widget\" data-e-type=\"widget\" data-widget_type=\"heading.default\">\n\t\t\t\t<div class=\"elementor-widget-container\">\n\t\t\t\t\t<h2 class=\"elementor-heading-title elementor-size-default\">LES TYPES D'OUVERTURE ET L'EMPLACEMENT DES MOTEURS<\/h2>\t\t\t\t<\/div>\n\t\t\t\t<\/div>\n\t\t\t\t<\/div>\n\t\t\t\t<\/div>\n\t\t<div class=\"elementor-element elementor-element-c6ecb1e e-con-full e-flex e-con e-child\" data-id=\"c6ecb1e\" data-element_type=\"container\" data-e-type=\"container\">\n\t\t\t\t<div class=\"elementor-element elementor-element-6c965d5 elementor-widget elementor-widget-image\" data-id=\"6c965d5\" data-element_type=\"widget\" data-e-type=\"widget\" data-widget_type=\"image.default\">\n\t\t\t\t<div class=\"elementor-widget-container\">\n\t\t\t\t\t\t\t\t\t\t\t\t\t\t\t\t<a href=\"https:\/\/isotermica.net\/wp-content\/uploads\/2023\/10\/APERTURAS-PUERTAS-2.jpg\" data-elementor-open-lightbox=\"yes\" data-e-action-hash=\"#elementor-action%3Aaction%3Dlightbox%26settings%3DeyJpZCI6MTk1MCwidXJsIjoiaHR0cHM6XC9cL2lzb3Rlcm1pY2EubmV0XC93cC1jb250ZW50XC91cGxvYWRzXC8yMDIzXC8xMFwvQVBFUlRVUkFTLVBVRVJUQVMtMi5qcGcifQ%3D%3D\">\n\t\t\t\t\t\t\t<img loading=\"lazy\" decoding=\"async\" width=\"724\" height=\"1024\" src=\"https:\/\/isotermica.net\/wp-content\/uploads\/2023\/10\/APERTURAS-PUERTAS-2-724x1024.jpg\" class=\"attachment-large size-large wp-image-1950\" alt=\"\" srcset=\"https:\/\/isotermica.net\/wp-content\/uploads\/2023\/10\/APERTURAS-PUERTAS-2-724x1024.jpg 724w, https:\/\/isotermica.net\/wp-content\/uploads\/2023\/10\/APERTURAS-PUERTAS-2-212x300.jpg 212w, https:\/\/isotermica.net\/wp-content\/uploads\/2023\/10\/APERTURAS-PUERTAS-2-768x1086.jpg 768w, https:\/\/isotermica.net\/wp-content\/uploads\/2023\/10\/APERTURAS-PUERTAS-2-1086x1536.jpg 1086w, https:\/\/isotermica.net\/wp-content\/uploads\/2023\/10\/APERTURAS-PUERTAS-2-1448x2048.jpg 1448w, https:\/\/isotermica.net\/wp-content\/uploads\/2023\/10\/APERTURAS-PUERTAS-2.jpg 1500w\" sizes=\"(max-width: 724px) 100vw, 724px\" \/>\t\t\t\t\t\t\t\t<\/a>\n\t\t\t\t\t\t\t\t\t\t\t\t\t\t\t<\/div>\n\t\t\t\t<\/div>\n\t\t\t\t<\/div>\n\t\t\t\t\t<\/div>\n\t\t\t\t<\/div>\n\t\t\t\t<\/div>\n\t\t","protected":false},"excerpt":{"rendered":"<p>Portes coulissantes r\u00e9frig\u00e9r\u00e9es Portes avec de grandes portes basculantes \u00e0 haute isolation thermique et efficacit\u00e9 \u00e9nerg\u00e9tique. 1 Portes \u00e0 charni\u00e8res du r\u00e9frig\u00e9rateur Portes \u00e0 ouverture<\/p>\n","protected":false},"author":1,"featured_media":0,"parent":0,"menu_order":0,"comment_status":"closed","ping_status":"closed","template":"elementor_header_footer","meta":{"_acf_changed":false,"footnotes":""},"class_list":["post-1948","page","type-page","status-publish","hentry"],"acf":[],"yoast_head":"<!-- This site is optimized with the Yoast SEO plugin v27.4 - https:\/\/yoast.com\/product\/yoast-seo-wordpress\/ -->\n<title>Produits Isotermica - Isot\u00e9rmica<\/title>\n<meta name=\"robots\" content=\"index, follow, max-snippet:-1, max-image-preview:large, max-video-preview:-1\" \/>\n<link rel=\"canonical\" href=\"https:\/\/isotermica.net\/fr\/produits-isotermica\/\" \/>\n<meta property=\"og:locale\" content=\"fr_FR\" \/>\n<meta property=\"og:type\" content=\"article\" \/>\n<meta property=\"og:title\" content=\"Produits Isotermica - Isot\u00e9rmica\" \/>\n<meta property=\"og:description\" content=\"Portes coulissantes r\u00e9frig\u00e9r\u00e9es Portes avec de grandes portes basculantes \u00e0 haute isolation thermique et efficacit\u00e9 \u00e9nerg\u00e9tique. 1 Portes \u00e0 charni\u00e8res du r\u00e9frig\u00e9rateur Portes \u00e0 ouverture\" \/>\n<meta property=\"og:url\" content=\"https:\/\/isotermica.net\/fr\/produits-isotermica\/\" \/>\n<meta property=\"og:site_name\" content=\"Isot\u00e9rmica\" \/>\n<meta property=\"article:modified_time\" content=\"2024-11-21T13:39:09+00:00\" \/>\n<meta property=\"og:image\" content=\"https:\/\/isotermica.net\/wp-content\/uploads\/2023\/10\/APERTURAS-PUERTAS-2-724x1024.jpg\" \/>\n<meta name=\"twitter:card\" content=\"summary_large_image\" \/>\n<meta name=\"twitter:label1\" content=\"Dur\u00e9e de lecture estim\u00e9e\" \/>\n\t<meta name=\"twitter:data1\" content=\"5 minutes\" \/>\n<script type=\"application\/ld+json\" class=\"yoast-schema-graph\">{\"@context\":\"https:\\\/\\\/schema.org\",\"@graph\":[{\"@type\":\"WebPage\",\"@id\":\"https:\\\/\\\/isotermica.net\\\/fr\\\/produits-isotermica\\\/\",\"url\":\"https:\\\/\\\/isotermica.net\\\/fr\\\/produits-isotermica\\\/\",\"name\":\"Produits Isotermica - Isot\u00e9rmica\",\"isPartOf\":{\"@id\":\"https:\\\/\\\/isotermica.net\\\/fr\\\/#website\"},\"primaryImageOfPage\":{\"@id\":\"https:\\\/\\\/isotermica.net\\\/fr\\\/produits-isotermica\\\/#primaryimage\"},\"image\":{\"@id\":\"https:\\\/\\\/isotermica.net\\\/fr\\\/produits-isotermica\\\/#primaryimage\"},\"thumbnailUrl\":\"https:\\\/\\\/isotermica.net\\\/wp-content\\\/uploads\\\/2023\\\/10\\\/APERTURAS-PUERTAS-2-724x1024.jpg\",\"datePublished\":\"2023-08-30T08:48:08+00:00\",\"dateModified\":\"2024-11-21T13:39:09+00:00\",\"breadcrumb\":{\"@id\":\"https:\\\/\\\/isotermica.net\\\/fr\\\/produits-isotermica\\\/#breadcrumb\"},\"inLanguage\":\"fr-FR\",\"potentialAction\":[{\"@type\":\"ReadAction\",\"target\":[\"https:\\\/\\\/isotermica.net\\\/fr\\\/produits-isotermica\\\/\"]}]},{\"@type\":\"ImageObject\",\"inLanguage\":\"fr-FR\",\"@id\":\"https:\\\/\\\/isotermica.net\\\/fr\\\/produits-isotermica\\\/#primaryimage\",\"url\":\"https:\\\/\\\/isotermica.net\\\/wp-content\\\/uploads\\\/2023\\\/10\\\/APERTURAS-PUERTAS-2-724x1024.jpg\",\"contentUrl\":\"https:\\\/\\\/isotermica.net\\\/wp-content\\\/uploads\\\/2023\\\/10\\\/APERTURAS-PUERTAS-2-724x1024.jpg\"},{\"@type\":\"BreadcrumbList\",\"@id\":\"https:\\\/\\\/isotermica.net\\\/fr\\\/produits-isotermica\\\/#breadcrumb\",\"itemListElement\":[{\"@type\":\"ListItem\",\"position\":1,\"name\":\"Inicio\",\"item\":\"https:\\\/\\\/isotermica.net\\\/fr\\\/accueil\\\/\"},{\"@type\":\"ListItem\",\"position\":2,\"name\":\"Produits Isotermica\"}]},{\"@type\":\"WebSite\",\"@id\":\"https:\\\/\\\/isotermica.net\\\/fr\\\/#website\",\"url\":\"https:\\\/\\\/isotermica.net\\\/fr\\\/\",\"name\":\"Isot\u00e9rmica\",\"description\":\"Fabricaci\u00f3n de Puertas para la Industria Alimentaria\",\"publisher\":{\"@id\":\"https:\\\/\\\/isotermica.net\\\/fr\\\/#organization\"},\"potentialAction\":[{\"@type\":\"SearchAction\",\"target\":{\"@type\":\"EntryPoint\",\"urlTemplate\":\"https:\\\/\\\/isotermica.net\\\/fr\\\/?s={search_term_string}\"},\"query-input\":{\"@type\":\"PropertyValueSpecification\",\"valueRequired\":true,\"valueName\":\"search_term_string\"}}],\"inLanguage\":\"fr-FR\"},{\"@type\":\"Organization\",\"@id\":\"https:\\\/\\\/isotermica.net\\\/fr\\\/#organization\",\"name\":\"Isot\u00e9rmica\",\"url\":\"https:\\\/\\\/isotermica.net\\\/fr\\\/\",\"logo\":{\"@type\":\"ImageObject\",\"inLanguage\":\"fr-FR\",\"@id\":\"https:\\\/\\\/isotermica.net\\\/fr\\\/#\\\/schema\\\/logo\\\/image\\\/\",\"url\":\"https:\\\/\\\/isotermica.net\\\/wp-content\\\/uploads\\\/2023\\\/08\\\/logo-isotermica-color.svg\",\"contentUrl\":\"https:\\\/\\\/isotermica.net\\\/wp-content\\\/uploads\\\/2023\\\/08\\\/logo-isotermica-color.svg\",\"width\":504,\"height\":71,\"caption\":\"Isot\u00e9rmica\"},\"image\":{\"@id\":\"https:\\\/\\\/isotermica.net\\\/fr\\\/#\\\/schema\\\/logo\\\/image\\\/\"}}]}<\/script>\n<!-- \/ Yoast SEO plugin. -->","yoast_head_json":{"title":"Produits Isotermica - Isot\u00e9rmica","robots":{"index":"index","follow":"follow","max-snippet":"max-snippet:-1","max-image-preview":"max-image-preview:large","max-video-preview":"max-video-preview:-1"},"canonical":"https:\/\/isotermica.net\/fr\/produits-isotermica\/","og_locale":"fr_FR","og_type":"article","og_title":"Produits Isotermica - Isot\u00e9rmica","og_description":"Portes coulissantes r\u00e9frig\u00e9r\u00e9es Portes avec de grandes portes basculantes \u00e0 haute isolation thermique et efficacit\u00e9 \u00e9nerg\u00e9tique. 1 Portes \u00e0 charni\u00e8res du r\u00e9frig\u00e9rateur Portes \u00e0 ouverture","og_url":"https:\/\/isotermica.net\/fr\/produits-isotermica\/","og_site_name":"Isot\u00e9rmica","article_modified_time":"2024-11-21T13:39:09+00:00","og_image":[{"url":"https:\/\/isotermica.net\/wp-content\/uploads\/2023\/10\/APERTURAS-PUERTAS-2-724x1024.jpg","type":"","width":"","height":""}],"twitter_card":"summary_large_image","twitter_misc":{"Dur\u00e9e de lecture estim\u00e9e":"5 minutes"},"schema":{"@context":"https:\/\/schema.org","@graph":[{"@type":"WebPage","@id":"https:\/\/isotermica.net\/fr\/produits-isotermica\/","url":"https:\/\/isotermica.net\/fr\/produits-isotermica\/","name":"Produits Isotermica - Isot\u00e9rmica","isPartOf":{"@id":"https:\/\/isotermica.net\/fr\/#website"},"primaryImageOfPage":{"@id":"https:\/\/isotermica.net\/fr\/produits-isotermica\/#primaryimage"},"image":{"@id":"https:\/\/isotermica.net\/fr\/produits-isotermica\/#primaryimage"},"thumbnailUrl":"https:\/\/isotermica.net\/wp-content\/uploads\/2023\/10\/APERTURAS-PUERTAS-2-724x1024.jpg","datePublished":"2023-08-30T08:48:08+00:00","dateModified":"2024-11-21T13:39:09+00:00","breadcrumb":{"@id":"https:\/\/isotermica.net\/fr\/produits-isotermica\/#breadcrumb"},"inLanguage":"fr-FR","potentialAction":[{"@type":"ReadAction","target":["https:\/\/isotermica.net\/fr\/produits-isotermica\/"]}]},{"@type":"ImageObject","inLanguage":"fr-FR","@id":"https:\/\/isotermica.net\/fr\/produits-isotermica\/#primaryimage","url":"https:\/\/isotermica.net\/wp-content\/uploads\/2023\/10\/APERTURAS-PUERTAS-2-724x1024.jpg","contentUrl":"https:\/\/isotermica.net\/wp-content\/uploads\/2023\/10\/APERTURAS-PUERTAS-2-724x1024.jpg"},{"@type":"BreadcrumbList","@id":"https:\/\/isotermica.net\/fr\/produits-isotermica\/#breadcrumb","itemListElement":[{"@type":"ListItem","position":1,"name":"Inicio","item":"https:\/\/isotermica.net\/fr\/accueil\/"},{"@type":"ListItem","position":2,"name":"Produits Isotermica"}]},{"@type":"WebSite","@id":"https:\/\/isotermica.net\/fr\/#website","url":"https:\/\/isotermica.net\/fr\/","name":"Isot\u00e9rmica","description":"Fabricaci\u00f3n de Puertas para la Industria Alimentaria","publisher":{"@id":"https:\/\/isotermica.net\/fr\/#organization"},"potentialAction":[{"@type":"SearchAction","target":{"@type":"EntryPoint","urlTemplate":"https:\/\/isotermica.net\/fr\/?s={search_term_string}"},"query-input":{"@type":"PropertyValueSpecification","valueRequired":true,"valueName":"search_term_string"}}],"inLanguage":"fr-FR"},{"@type":"Organization","@id":"https:\/\/isotermica.net\/fr\/#organization","name":"Isot\u00e9rmica","url":"https:\/\/isotermica.net\/fr\/","logo":{"@type":"ImageObject","inLanguage":"fr-FR","@id":"https:\/\/isotermica.net\/fr\/#\/schema\/logo\/image\/","url":"https:\/\/isotermica.net\/wp-content\/uploads\/2023\/08\/logo-isotermica-color.svg","contentUrl":"https:\/\/isotermica.net\/wp-content\/uploads\/2023\/08\/logo-isotermica-color.svg","width":504,"height":71,"caption":"Isot\u00e9rmica"},"image":{"@id":"https:\/\/isotermica.net\/fr\/#\/schema\/logo\/image\/"}}]}},"_links":{"self":[{"href":"https:\/\/isotermica.net\/fr\/wp-json\/wp\/v2\/pages\/1948","targetHints":{"allow":["GET"]}}],"collection":[{"href":"https:\/\/isotermica.net\/fr\/wp-json\/wp\/v2\/pages"}],"about":[{"href":"https:\/\/isotermica.net\/fr\/wp-json\/wp\/v2\/types\/page"}],"author":[{"embeddable":true,"href":"https:\/\/isotermica.net\/fr\/wp-json\/wp\/v2\/users\/1"}],"replies":[{"embeddable":true,"href":"https:\/\/isotermica.net\/fr\/wp-json\/wp\/v2\/comments?post=1948"}],"version-history":[{"count":0,"href":"https:\/\/isotermica.net\/fr\/wp-json\/wp\/v2\/pages\/1948\/revisions"}],"wp:attachment":[{"href":"https:\/\/isotermica.net\/fr\/wp-json\/wp\/v2\/media?parent=1948"}],"curies":[{"name":"wp","href":"https:\/\/api.w.org\/{rel}","templated":true}]}}